{"id":59828,"date":"2022-07-21T16:23:09","date_gmt":"2022-07-21T19:23:09","guid":{"rendered":"https:\/\/cleitonpinheiro.com.br\/site\/?page_id=59828"},"modified":"2022-07-29T00:00:16","modified_gmt":"2022-07-29T03:00:16","slug":"politica","status":"publish","type":"page","link":"https:\/\/cleitonpinheiro.com.br\/site\/politica\/","title":{"rendered":"POL\u00cdTICA"},"content":{"rendered":"\t\t<div data-elementor-type=\"wp-page\" data-elementor-id=\"59828\" class=\"elementor elementor-59828\" data-elementor-post-type=\"page\">\n\t\t\t\t\t\t<section class=\"elementor-section elementor-top-section elementor-element elementor-element-3a48247 elementor-section-full_width elementor-section-height-default elementor-section-height-default\" data-id=\"3a48247\" data-element_type=\"section\" data-settings=\"{&quot;background_background&quot;:&quot;classic&quot;}\">\n\t\t\t\t\t\t<div class=\"elementor-container elementor-column-gap-no\">\n\t\t\t\t\t<div class=\"elementor-column elementor-col-100 elementor-top-column elementor-element elementor-element-32d4d89\" data-id=\"32d4d89\" data-element_type=\"column\">\n\t\t\t<div class=\"elementor-widget-wrap elementor-element-populated\">\n\t\t\t\t\t\t<div class=\"elementor-element elementor-element-c2fa4b9 elementor-widget elementor-widget-heading\" data-id=\"c2fa4b9\" data-element_type=\"widget\" data-widget_type=\"heading.default\">\n\t\t\t\t<div class=\"elementor-widget-container\">\n\t\t\t\t\t<h2 class=\"elementor-heading-title elementor-size-default\">Pol\u00edtica<\/h2>\t\t\t\t<\/div>\n\t\t\t\t<\/div>\n\t\t\t\t\t<\/div>\n\t\t<\/div>\n\t\t\t\t\t<\/div>\n\t\t<\/section>\n\t\t\t\t<section class=\"elementor-section elementor-top-section elementor-element elementor-element-42c1111 elementor-section-content-middle elementor-hidden-tablet elementor-hidden-mobile elementor-section-boxed elementor-section-height-default elementor-section-height-default\" data-id=\"42c1111\" data-element_type=\"section\">\n\t\t\t\t\t\t<div class=\"elementor-container elementor-column-gap-no\">\n\t\t\t\t\t<div class=\"elementor-column elementor-col-100 elementor-top-column elementor-element elementor-element-3ee0ec0\" data-id=\"3ee0ec0\" data-element_type=\"column\">\n\t\t\t<div class=\"elementor-widget-wrap elementor-element-populated\">\n\t\t\t\t\t\t<div class=\"elementor-element elementor-element-ed7da16 elementor-widget elementor-widget-image\" data-id=\"ed7da16\" data-element_type=\"widget\" data-widget_type=\"image.default\">\n\t\t\t\t<div class=\"elementor-widget-container\">\n\t\t\t\t\t\t\t\t\t\t\t\t\t\t\t<img decoding=\"async\" src=\"https:\/\/cleitonpinheiro.com.br\/site\/wp-content\/uploads\/2022\/05\/3942741056617750475.gif\" title=\"\" alt=\"\" loading=\"lazy\" \/>\t\t\t\t\t\t\t\t\t\t\t\t\t\t\t<\/div>\n\t\t\t\t<\/div>\n\t\t\t\t\t<\/div>\n\t\t<\/div>\n\t\t\t\t\t<\/div>\n\t\t<\/section>\n\t\t\t\t<section class=\"elementor-section elementor-top-section elementor-element elementor-element-c3602ba elementor-hidden-tablet elementor-hidden-mobile elementor-section-boxed elementor-section-height-default elementor-section-height-default elementor-invisible\" data-id=\"c3602ba\" data-element_type=\"section\" data-settings=\"{&quot;animation&quot;:&quot;zoomIn&quot;}\">\n\t\t\t\t\t\t<div class=\"elementor-container elementor-column-gap-default\">\n\t\t\t\t\t<div class=\"elementor-column elementor-col-100 elementor-top-column elementor-element elementor-element-7062cda\" data-id=\"7062cda\" data-element_type=\"column\">\n\t\t\t<div class=\"elementor-widget-wrap elementor-element-populated\">\n\t\t\t\t\t\t<div class=\"elementor-element elementor-element-4fce031 elementor-grid-3 elementor-grid-tablet-2 elementor-grid-mobile-1 elementor-widget elementor-widget-portfolio\" data-id=\"4fce031\" data-element_type=\"widget\" data-settings=\"{&quot;item_ratio&quot;:{&quot;unit&quot;:&quot;px&quot;,&quot;size&quot;:0.86999999999999999555910790149937383830547332763671875,&quot;sizes&quot;:[]},&quot;row_gap&quot;:{&quot;unit&quot;:&quot;px&quot;,&quot;size&quot;:15,&quot;sizes&quot;:[]},&quot;columns&quot;:&quot;3&quot;,&quot;columns_tablet&quot;:&quot;2&quot;,&quot;columns_mobile&quot;:&quot;1&quot;,&quot;item_gap&quot;:{&quot;unit&quot;:&quot;px&quot;,&quot;size&quot;:&quot;&quot;,&quot;sizes&quot;:[]}}\" data-widget_type=\"portfolio.default\">\n\t\t\t\t<div class=\"elementor-widget-container\">\n\t\t\t\t\t\t\t<div class=\"elementor-portfolio elementor-grid elementor-posts-container\">\n\t\t\t\t<article class=\"elementor-portfolio-item elementor-post  post-89039 post type-post status-publish format-standard has-post-thumbnail hentry category-manchete-segundaria category-politica category-todas-noticias\">\n\t\t\t<a class=\"elementor-post__thumbnail__link\" href=\"https:\/\/cleitonpinheiro.com.br\/site\/camara-de-palmas-homenageia-militares-que-ajudaram-a-construir-a-historia-da-capital\/\">\n\t\t\t\t<div class=\"elementor-portfolio-item__img elementor-post__thumbnail\">\n\t\t\t<img fetchpriority=\"high\" decoding=\"async\" width=\"1536\" height=\"864\" src=\"https:\/\/cleitonpinheiro.com.br\/site\/wp-content\/uploads\/2026\/08\/IMG_9715-1.jpg-1536x864.jpeg\" class=\"attachment-1536x1536 size-1536x1536 wp-image-89040\" alt=\"\" srcset=\"https:\/\/cleitonpinheiro.com.br\/site\/wp-content\/uploads\/2026\/08\/IMG_9715-1.jpg-1536x864.jpeg 1536w, https:\/\/cleitonpinheiro.com.br\/site\/wp-content\/uploads\/2026\/08\/IMG_9715-1.jpg-300x169.jpeg 300w, https:\/\/cleitonpinheiro.com.br\/site\/wp-content\/uploads\/2026\/08\/IMG_9715-1.jpg-1024x576.jpeg 1024w, https:\/\/cleitonpinheiro.com.br\/site\/wp-content\/uploads\/2026\/08\/IMG_9715-1.jpg-768x432.jpeg 768w, https:\/\/cleitonpinheiro.com.br\/site\/wp-content\/uploads\/2026\/08\/IMG_9715-1.jpg-2048x1152.jpeg 2048w\" sizes=\"(max-width: 1536px) 100vw, 1536px\" \/>\t\t<\/div>\n\t\t\t\t<div class=\"elementor-portfolio-item__overlay\">\n\t\t\t\t<h3 class=\"elementor-portfolio-item__title\">\n\t\tC\u00e2mara de Palmas homenageia militares que ajudaram a construir a hist\u00f3ria da Capital\t\t<\/h3>\n\t\t\t\t<\/div>\n\t\t\t\t<\/a>\n\t\t<\/article>\n\t\t\t\t<article class=\"elementor-portfolio-item elementor-post  post-89035 post type-post status-publish format-standard has-post-thumbnail hentry category-manchete-segundaria category-politica category-todas-noticias\">\n\t\t\t<a class=\"elementor-post__thumbnail__link\" href=\"https:\/\/cleitonpinheiro.com.br\/site\/para-81-dos-brasileiros-e-fundamental-que-candidato-acredite-em-deus\/\">\n\t\t\t\t<div class=\"elementor-portfolio-item__img elementor-post__thumbnail\">\n\t\t\t<img decoding=\"async\" width=\"608\" height=\"328\" src=\"https:\/\/cleitonpinheiro.com.br\/site\/wp-content\/uploads\/2026\/07\/images-5.jpeg\" class=\"attachment-1536x1536 size-1536x1536 wp-image-88912\" alt=\"\" srcset=\"https:\/\/cleitonpinheiro.com.br\/site\/wp-content\/uploads\/2026\/07\/images-5.jpeg 608w, https:\/\/cleitonpinheiro.com.br\/site\/wp-content\/uploads\/2026\/07\/images-5-300x162.jpeg 300w\" sizes=\"(max-width: 608px) 100vw, 608px\" \/>\t\t<\/div>\n\t\t\t\t<div class=\"elementor-portfolio-item__overlay\">\n\t\t\t\t<h3 class=\"elementor-portfolio-item__title\">\n\t\tPara 81% dos brasileiros, \u00e9 fundamental que candidato acredite em Deus\t\t<\/h3>\n\t\t\t\t<\/div>\n\t\t\t\t<\/a>\n\t\t<\/article>\n\t\t\t\t<article class=\"elementor-portfolio-item elementor-post  post-89012 post type-post status-publish format-standard has-post-thumbnail hentry category-noticias-em-destaque category-politica category-todas-noticias\">\n\t\t\t<a class=\"elementor-post__thumbnail__link\" href=\"https:\/\/cleitonpinheiro.com.br\/site\/eleicoes-2026-tocantins-conta-com-sete-candidatos-ao-governo-estadual\/\">\n\t\t\t\t<div class=\"elementor-portfolio-item__img elementor-post__thumbnail\">\n\t\t\t<img decoding=\"async\" width=\"608\" height=\"328\" src=\"https:\/\/cleitonpinheiro.com.br\/site\/wp-content\/uploads\/2026\/07\/images-5.jpeg\" class=\"attachment-1536x1536 size-1536x1536 wp-image-88912\" alt=\"\" srcset=\"https:\/\/cleitonpinheiro.com.br\/site\/wp-content\/uploads\/2026\/07\/images-5.jpeg 608w, https:\/\/cleitonpinheiro.com.br\/site\/wp-content\/uploads\/2026\/07\/images-5-300x162.jpeg 300w\" sizes=\"(max-width: 608px) 100vw, 608px\" \/>\t\t<\/div>\n\t\t\t\t<div class=\"elementor-portfolio-item__overlay\">\n\t\t\t\t<h3 class=\"elementor-portfolio-item__title\">\n\t\tElei\u00e7\u00f5es 2026: Tocantins conta com sete candidatos ao Governo Estadual\t\t<\/h3>\n\t\t\t\t<\/div>\n\t\t\t\t<\/a>\n\t\t<\/article>\n\t\t\t\t<article class=\"elementor-portfolio-item elementor-post  post-88999 post type-post status-publish format-standard has-post-thumbnail hentry category-manchete-segundaria category-politica category-todas-noticias\">\n\t\t\t<a class=\"elementor-post__thumbnail__link\" href=\"https:\/\/cleitonpinheiro.com.br\/site\/alcolumbre-destrava-pec-do-fim-da-6x1-apos-conversas-com-lula\/\">\n\t\t\t\t<div class=\"elementor-portfolio-item__img elementor-post__thumbnail\">\n\t\t\t<img decoding=\"async\" width=\"960\" height=\"720\" src=\"https:\/\/cleitonpinheiro.com.br\/site\/wp-content\/uploads\/2026\/08\/tamanho-site-1.png\" class=\"attachment-1536x1536 size-1536x1536 wp-image-89000\" alt=\"\" srcset=\"https:\/\/cleitonpinheiro.com.br\/site\/wp-content\/uploads\/2026\/08\/tamanho-site-1.png 960w, https:\/\/cleitonpinheiro.com.br\/site\/wp-content\/uploads\/2026\/08\/tamanho-site-1-300x225.png 300w, https:\/\/cleitonpinheiro.com.br\/site\/wp-content\/uploads\/2026\/08\/tamanho-site-1-768x576.png 768w\" sizes=\"(max-width: 960px) 100vw, 960px\" \/>\t\t<\/div>\n\t\t\t\t<div class=\"elementor-portfolio-item__overlay\">\n\t\t\t\t<h3 class=\"elementor-portfolio-item__title\">\n\t\tAlcolumbre destrava PEC do fim da 6&#215;1 ap\u00f3s conversas com Lula\t\t<\/h3>\n\t\t\t\t<\/div>\n\t\t\t\t<\/a>\n\t\t<\/article>\n\t\t\t\t<article class=\"elementor-portfolio-item elementor-post  post-88987 post type-post status-publish format-standard has-post-thumbnail hentry category-manchete-segundaria category-politica category-todas-noticias\">\n\t\t\t<a class=\"elementor-post__thumbnail__link\" href=\"https:\/\/cleitonpinheiro.com.br\/site\/ex-governador-claudio-castro-e-alvo-da-segunda-fase-da-operacao-sem-refino-da-policia-federal\/\">\n\t\t\t\t<div class=\"elementor-portfolio-item__img elementor-post__thumbnail\">\n\t\t\t<img loading=\"lazy\" decoding=\"async\" width=\"1170\" height=\"700\" src=\"https:\/\/cleitonpinheiro.com.br\/site\/wp-content\/uploads\/2026\/06\/pf_reprime_esquema_de_lavagem_de_capitais_e_de_evasao_de_divisas_em_sp_e_em_sc.webp\" class=\"attachment-1536x1536 size-1536x1536 wp-image-88733\" alt=\"\" srcset=\"https:\/\/cleitonpinheiro.com.br\/site\/wp-content\/uploads\/2026\/06\/pf_reprime_esquema_de_lavagem_de_capitais_e_de_evasao_de_divisas_em_sp_e_em_sc.webp 1170w, https:\/\/cleitonpinheiro.com.br\/site\/wp-content\/uploads\/2026\/06\/pf_reprime_esquema_de_lavagem_de_capitais_e_de_evasao_de_divisas_em_sp_e_em_sc-300x179.webp 300w, https:\/\/cleitonpinheiro.com.br\/site\/wp-content\/uploads\/2026\/06\/pf_reprime_esquema_de_lavagem_de_capitais_e_de_evasao_de_divisas_em_sp_e_em_sc-1024x613.webp 1024w, https:\/\/cleitonpinheiro.com.br\/site\/wp-content\/uploads\/2026\/06\/pf_reprime_esquema_de_lavagem_de_capitais_e_de_evasao_de_divisas_em_sp_e_em_sc-768x459.webp 768w\" sizes=\"(max-width: 1170px) 100vw, 1170px\" \/>\t\t<\/div>\n\t\t\t\t<div class=\"elementor-portfolio-item__overlay\">\n\t\t\t\t<h3 class=\"elementor-portfolio-item__title\">\n\t\tEx-governador Cl\u00e1udio Castro \u00e9 alvo da segunda fase da Opera\u00e7\u00e3o Sem Refino da Pol\u00edcia Federal\t\t<\/h3>\n\t\t\t\t<\/div>\n\t\t\t\t<\/a>\n\t\t<\/article>\n\t\t\t\t<article class=\"elementor-portfolio-item elementor-post  post-89055 post type-post status-publish format-standard has-post-thumbnail hentry category-noticias-em-destaque category-politica category-todas-noticias\">\n\t\t\t<a class=\"elementor-post__thumbnail__link\" href=\"https:\/\/cleitonpinheiro.com.br\/site\/palmas-cartorio-eleitoral-tera-atendimento-neste-sabado-e-domingo-para-solicitacao-de-voto-em-transito\/\">\n\t\t\t\t<div class=\"elementor-portfolio-item__img elementor-post__thumbnail\">\n\t\t\t<img loading=\"lazy\" decoding=\"async\" width=\"1536\" height=\"812\" src=\"https:\/\/cleitonpinheiro.com.br\/site\/wp-content\/uploads\/2026\/08\/unnamed-3-1536x812.png\" class=\"attachment-1536x1536 size-1536x1536 wp-image-89056\" alt=\"\" srcset=\"https:\/\/cleitonpinheiro.com.br\/site\/wp-content\/uploads\/2026\/08\/unnamed-3-1536x812.png 1536w, https:\/\/cleitonpinheiro.com.br\/site\/wp-content\/uploads\/2026\/08\/unnamed-3-300x159.png 300w, https:\/\/cleitonpinheiro.com.br\/site\/wp-content\/uploads\/2026\/08\/unnamed-3-1024x541.png 1024w, https:\/\/cleitonpinheiro.com.br\/site\/wp-content\/uploads\/2026\/08\/unnamed-3-768x406.png 768w, https:\/\/cleitonpinheiro.com.br\/site\/wp-content\/uploads\/2026\/08\/unnamed-3.png 1600w\" sizes=\"(max-width: 1536px) 100vw, 1536px\" \/>\t\t<\/div>\n\t\t\t\t<div class=\"elementor-portfolio-item__overlay\">\n\t\t\t\t<h3 class=\"elementor-portfolio-item__title\">\n\t\tPalmas: Cart\u00f3rio Eleitoral ter\u00e1 atendimento neste s\u00e1bado e domingo para solicita\u00e7\u00e3o de voto em tr\u00e2nsito\t\t<\/h3>\n\t\t\t\t<\/div>\n\t\t\t\t<\/a>\n\t\t<\/article>\n\t\t\t\t<\/div>\n\t\t\t\t\t\t<\/div>\n\t\t\t\t<\/div>\n\t\t\t\t\t<\/div>\n\t\t<\/div>\n\t\t\t\t\t<\/div>\n\t\t<\/section>\n\t\t\t\t<section class=\"elementor-section elementor-top-section elementor-element elementor-element-f372879 elementor-section-content-middle elementor-hidden-tablet elementor-hidden-mobile elementor-section-boxed elementor-section-height-default elementor-section-height-default\" data-id=\"f372879\" data-element_type=\"section\">\n\t\t\t\t\t\t<div class=\"elementor-container elementor-column-gap-no\">\n\t\t\t\t\t<div class=\"elementor-column elementor-col-100 elementor-top-column elementor-element elementor-element-ec9a05f\" data-id=\"ec9a05f\" data-element_type=\"column\">\n\t\t\t<div class=\"elementor-widget-wrap elementor-element-populated\">\n\t\t\t\t\t\t<div class=\"elementor-element elementor-element-de57efb elementor-widget elementor-widget-image\" data-id=\"de57efb\" data-element_type=\"widget\" data-widget_type=\"image.default\">\n\t\t\t\t<div class=\"elementor-widget-container\">\n\t\t\t\t\t\t\t\t\t\t\t\t\t\t\t<img decoding=\"async\" src=\"https:\/\/cleitonpinheiro.com.br\/site\/wp-content\/uploads\/2022\/05\/3942741056617750475.gif\" title=\"\" alt=\"\" loading=\"lazy\" \/>\t\t\t\t\t\t\t\t\t\t\t\t\t\t\t<\/div>\n\t\t\t\t<\/div>\n\t\t\t\t\t<\/div>\n\t\t<\/div>\n\t\t\t\t\t<\/div>\n\t\t<\/section>\n\t\t\t\t<section class=\"elementor-section elementor-top-section elementor-element elementor-element-66c5157 elementor-hidden-tablet elementor-hidden-mobile elementor-section-boxed elementor-section-height-default elementor-section-height-default elementor-invisible\" data-id=\"66c5157\" data-element_type=\"section\" data-settings=\"{&quot;animation&quot;:&quot;fadeInLeft&quot;}\">\n\t\t\t\t\t\t<div class=\"elementor-container elementor-column-gap-default\">\n\t\t\t\t\t<div class=\"elementor-column elementor-col-50 elementor-top-column elementor-element elementor-element-e4af9e5\" data-id=\"e4af9e5\" data-element_type=\"column\">\n\t\t\t<div class=\"elementor-widget-wrap elementor-element-populated\">\n\t\t\t\t\t\t<div class=\"elementor-element elementor-element-674ded5 elementor-grid-1 elementor-posts--thumbnail-left elementor-grid-tablet-2 elementor-grid-mobile-1 elementor-widget elementor-widget-posts\" data-id=\"674ded5\" data-element_type=\"widget\" data-settings=\"{&quot;classic_columns&quot;:&quot;1&quot;,&quot;classic_row_gap&quot;:{&quot;unit&quot;:&quot;px&quot;,&quot;size&quot;:50,&quot;sizes&quot;:[]},&quot;classic_columns_tablet&quot;:&quot;2&quot;,&quot;classic_columns_mobile&quot;:&quot;1&quot;,&quot;classic_row_gap_tablet&quot;:{&quot;unit&quot;:&quot;px&quot;,&quot;size&quot;:&quot;&quot;,&quot;sizes&quot;:[]},&quot;classic_row_gap_mobile&quot;:{&quot;unit&quot;:&quot;px&quot;,&quot;size&quot;:&quot;&quot;,&quot;sizes&quot;:[]}}\" data-widget_type=\"posts.classic\">\n\t\t\t\t<div class=\"elementor-widget-container\">\n\t\t\t\t\t\t\t<div class=\"elementor-posts-container elementor-posts elementor-posts--skin-classic elementor-grid\">\n\t\t\t\t<article class=\"elementor-post elementor-grid-item post-88911 post type-post status-publish format-standard has-post-thumbnail hentry category-manchete-segundaria category-politica category-todas-noticias\">\n\t\t\t\t<a class=\"elementor-post__thumbnail__link\" href=\"https:\/\/cleitonpinheiro.com.br\/site\/eleicoes-2026-campanha-boto-fe-no-voto-quer-combater-desinformacao\/\" tabindex=\"-1\" >\n\t\t\t<div class=\"elementor-post__thumbnail\"><img decoding=\"async\" width=\"608\" height=\"328\" src=\"https:\/\/cleitonpinheiro.com.br\/site\/wp-content\/uploads\/2026\/07\/images-5.jpeg\" class=\"attachment-1536x1536 size-1536x1536 wp-image-88912\" alt=\"\" srcset=\"https:\/\/cleitonpinheiro.com.br\/site\/wp-content\/uploads\/2026\/07\/images-5.jpeg 608w, https:\/\/cleitonpinheiro.com.br\/site\/wp-content\/uploads\/2026\/07\/images-5-300x162.jpeg 300w\" sizes=\"(max-width: 608px) 100vw, 608px\" \/><\/div>\n\t\t<\/a>\n\t\t\t\t<div class=\"elementor-post__text\">\n\t\t\t\t<h4 class=\"elementor-post__title\">\n\t\t\t<a href=\"https:\/\/cleitonpinheiro.com.br\/site\/eleicoes-2026-campanha-boto-fe-no-voto-quer-combater-desinformacao\/\" >\n\t\t\t\tElei\u00e7\u00f5es 2026: campanha Boto F\u00e9 no Voto quer combater desinforma\u00e7\u00e3o\t\t\t<\/a>\n\t\t<\/h4>\n\t\t\t\t<div class=\"elementor-post__meta-data\">\n\t\t\t\t\t<span class=\"elementor-post-date\">\n\t\t\t31 de julho de 2026\t\t<\/span>\n\t\t\t\t<\/div>\n\t\t\t\t<div class=\"elementor-post__excerpt\">\n\t\t\t<p>Combater a circula\u00e7\u00e3o de mensagens falsas durante o\u00a0per\u00edodo eleitoral, especialmente em comunidades de f\u00e9 \u00e9 o objetivo da campanha nacional<\/p>\n\t\t<\/div>\n\t\t\t\t<\/div>\n\t\t\t\t<\/article>\n\t\t\t\t<article class=\"elementor-post elementor-grid-item post-88896 post type-post status-publish format-standard has-post-thumbnail hentry category-manchete-segundaria category-politica category-todas-noticias\">\n\t\t\t\t<a class=\"elementor-post__thumbnail__link\" href=\"https:\/\/cleitonpinheiro.com.br\/site\/eleicoes-2026-tocantins-abre-periodo-de-convencoes-partidarias-com-a-federacao-psol-rede\/\" tabindex=\"-1\" >\n\t\t\t<div class=\"elementor-post__thumbnail\"><img loading=\"lazy\" decoding=\"async\" width=\"1284\" height=\"869\" src=\"https:\/\/cleitonpinheiro.com.br\/site\/wp-content\/uploads\/2026\/07\/WhatsApp-Image-2026-07-20-at-17.30.20.jpeg\" class=\"attachment-1536x1536 size-1536x1536 wp-image-88897\" alt=\"\" srcset=\"https:\/\/cleitonpinheiro.com.br\/site\/wp-content\/uploads\/2026\/07\/WhatsApp-Image-2026-07-20-at-17.30.20.jpeg 1284w, https:\/\/cleitonpinheiro.com.br\/site\/wp-content\/uploads\/2026\/07\/WhatsApp-Image-2026-07-20-at-17.30.20-300x203.jpeg 300w, https:\/\/cleitonpinheiro.com.br\/site\/wp-content\/uploads\/2026\/07\/WhatsApp-Image-2026-07-20-at-17.30.20-1024x693.jpeg 1024w, https:\/\/cleitonpinheiro.com.br\/site\/wp-content\/uploads\/2026\/07\/WhatsApp-Image-2026-07-20-at-17.30.20-768x520.jpeg 768w\" sizes=\"(max-width: 1284px) 100vw, 1284px\" \/><\/div>\n\t\t<\/a>\n\t\t\t\t<div class=\"elementor-post__text\">\n\t\t\t\t<h4 class=\"elementor-post__title\">\n\t\t\t<a href=\"https:\/\/cleitonpinheiro.com.br\/site\/eleicoes-2026-tocantins-abre-periodo-de-convencoes-partidarias-com-a-federacao-psol-rede\/\" >\n\t\t\t\tElei\u00e7\u00f5es 2026: Tocantins abre per\u00edodo de conven\u00e7\u00f5es partid\u00e1rias com a Federa\u00e7\u00e3o PSOL\/Rede\t\t\t<\/a>\n\t\t<\/h4>\n\t\t\t\t<div class=\"elementor-post__meta-data\">\n\t\t\t\t\t<span class=\"elementor-post-date\">\n\t\t\t20 de julho de 2026\t\t<\/span>\n\t\t\t\t<\/div>\n\t\t\t\t<div class=\"elementor-post__excerpt\">\n\t\t\t<p>O cen\u00e1rio pol\u00edtico do Tocantins come\u00e7ou a se desenhar oficialmente para as Elei\u00e7\u00f5es de 2026. Conforme o calend\u00e1rio estabelecido pelo<\/p>\n\t\t<\/div>\n\t\t\t\t<\/div>\n\t\t\t\t<\/article>\n\t\t\t\t<article class=\"elementor-post elementor-grid-item post-88880 post type-post status-publish format-standard has-post-thumbnail hentry category-manchete-segundaria category-politica category-todas-noticias\">\n\t\t\t\t<a class=\"elementor-post__thumbnail__link\" href=\"https:\/\/cleitonpinheiro.com.br\/site\/justica-eleitoral-comeca-a-convocar-mesarios-para-eleicoes-de-outubro\/\" tabindex=\"-1\" >\n\t\t\t<div class=\"elementor-post__thumbnail\"><img loading=\"lazy\" decoding=\"async\" width=\"1170\" height=\"700\" src=\"https:\/\/cleitonpinheiro.com.br\/site\/wp-content\/uploads\/2026\/07\/zona_eleitoral_01.webp\" class=\"attachment-1536x1536 size-1536x1536 wp-image-88881\" alt=\"\" srcset=\"https:\/\/cleitonpinheiro.com.br\/site\/wp-content\/uploads\/2026\/07\/zona_eleitoral_01.webp 1170w, https:\/\/cleitonpinheiro.com.br\/site\/wp-content\/uploads\/2026\/07\/zona_eleitoral_01-300x179.webp 300w, https:\/\/cleitonpinheiro.com.br\/site\/wp-content\/uploads\/2026\/07\/zona_eleitoral_01-1024x613.webp 1024w, https:\/\/cleitonpinheiro.com.br\/site\/wp-content\/uploads\/2026\/07\/zona_eleitoral_01-768x459.webp 768w\" sizes=\"(max-width: 1170px) 100vw, 1170px\" \/><\/div>\n\t\t<\/a>\n\t\t\t\t<div class=\"elementor-post__text\">\n\t\t\t\t<h4 class=\"elementor-post__title\">\n\t\t\t<a href=\"https:\/\/cleitonpinheiro.com.br\/site\/justica-eleitoral-comeca-a-convocar-mesarios-para-eleicoes-de-outubro\/\" >\n\t\t\t\tJusti\u00e7a Eleitoral come\u00e7a a convocar mes\u00e1rios para elei\u00e7\u00f5es de outubro\t\t\t<\/a>\n\t\t<\/h4>\n\t\t\t\t<div class=\"elementor-post__meta-data\">\n\t\t\t\t\t<span class=\"elementor-post-date\">\n\t\t\t9 de julho de 2026\t\t<\/span>\n\t\t\t\t<\/div>\n\t\t\t\t<div class=\"elementor-post__excerpt\">\n\t\t\t<p>AG\u00caNCIA BRASIL &#8211; Os mes\u00e1rios e outras pessoas que v\u00e3o atuar como apoio log\u00edstico nas elei\u00e7\u00f5es de outubro v\u00e3o receber<\/p>\n\t\t<\/div>\n\t\t\t\t<\/div>\n\t\t\t\t<\/article>\n\t\t\t\t<article class=\"elementor-post elementor-grid-item post-88877 post type-post status-publish format-standard has-post-thumbnail hentry category-manchete-segundaria category-politica category-todas-noticias\">\n\t\t\t\t<a class=\"elementor-post__thumbnail__link\" href=\"https:\/\/cleitonpinheiro.com.br\/site\/entenda-impasse-entre-bancada-do-agro-e-governo-sobre-dividas-rurais\/\" tabindex=\"-1\" >\n\t\t\t<div class=\"elementor-post__thumbnail\"><img loading=\"lazy\" decoding=\"async\" width=\"1170\" height=\"700\" src=\"https:\/\/cleitonpinheiro.com.br\/site\/wp-content\/uploads\/2026\/07\/1057809-ebc_07.12.2016-3002_07.12.16.webp\" class=\"attachment-1536x1536 size-1536x1536 wp-image-88878\" alt=\"\" srcset=\"https:\/\/cleitonpinheiro.com.br\/site\/wp-content\/uploads\/2026\/07\/1057809-ebc_07.12.2016-3002_07.12.16.webp 1170w, https:\/\/cleitonpinheiro.com.br\/site\/wp-content\/uploads\/2026\/07\/1057809-ebc_07.12.2016-3002_07.12.16-300x179.webp 300w, https:\/\/cleitonpinheiro.com.br\/site\/wp-content\/uploads\/2026\/07\/1057809-ebc_07.12.2016-3002_07.12.16-1024x613.webp 1024w, https:\/\/cleitonpinheiro.com.br\/site\/wp-content\/uploads\/2026\/07\/1057809-ebc_07.12.2016-3002_07.12.16-768x459.webp 768w\" sizes=\"(max-width: 1170px) 100vw, 1170px\" \/><\/div>\n\t\t<\/a>\n\t\t\t\t<div class=\"elementor-post__text\">\n\t\t\t\t<h4 class=\"elementor-post__title\">\n\t\t\t<a href=\"https:\/\/cleitonpinheiro.com.br\/site\/entenda-impasse-entre-bancada-do-agro-e-governo-sobre-dividas-rurais\/\" >\n\t\t\t\tEntenda impasse entre bancada do agro e governo sobre d\u00edvidas rurais\t\t\t<\/a>\n\t\t<\/h4>\n\t\t\t\t<div class=\"elementor-post__meta-data\">\n\t\t\t\t\t<span class=\"elementor-post-date\">\n\t\t\t8 de julho de 2026\t\t<\/span>\n\t\t\t\t<\/div>\n\t\t\t\t<div class=\"elementor-post__excerpt\">\n\t\t\t<p>A reuni\u00e3o entre representantes do governo federal e da Frente Parlamentar da Agropecu\u00e1ria (FPA) nesta ter\u00e7a-feira (7) terminou sem acordo<\/p>\n\t\t<\/div>\n\t\t\t\t<\/div>\n\t\t\t\t<\/article>\n\t\t\t\t<article class=\"elementor-post elementor-grid-item post-88681 post type-post status-publish format-standard hentry category-manchete-segundaria category-politica category-todas-noticias\">\n\t\t\t\t<div class=\"elementor-post__text\">\n\t\t\t\t<h4 class=\"elementor-post__title\">\n\t\t\t<a href=\"https:\/\/cleitonpinheiro.com.br\/site\/comissao-da-camara-dos-deputados-aprova-reducao-da-maioridade-penal-para-16-anos\/\" >\n\t\t\t\tComiss\u00e3o da C\u00e2mara dos Deputados aprova redu\u00e7\u00e3o da maioridade penal para 16 anos\t\t\t<\/a>\n\t\t<\/h4>\n\t\t\t\t<div class=\"elementor-post__meta-data\">\n\t\t\t\t\t<span class=\"elementor-post-date\">\n\t\t\t10 de junho de 2026\t\t<\/span>\n\t\t\t\t<\/div>\n\t\t\t\t<div class=\"elementor-post__excerpt\">\n\t\t\t<p>A Comiss\u00e3o de Constitui\u00e7\u00e3o e Justi\u00e7a e de Cidadania (CCJ) da C\u00e2mara dos Deputados aprovou, nesta quarta-feira (10), a Proposta<\/p>\n\t\t<\/div>\n\t\t\t\t<\/div>\n\t\t\t\t<\/article>\n\t\t\t\t<\/div>\n\t\t\n\t\t\t\t\t\t<\/div>\n\t\t\t\t<\/div>\n\t\t\t\t<div class=\"elementor-element elementor-element-50a4177 elementor-widget elementor-widget-image\" data-id=\"50a4177\" data-element_type=\"widget\" data-widget_type=\"image.default\">\n\t\t\t\t<div class=\"elementor-widget-container\">\n\t\t\t\t\t\t\t\t\t\t\t\t\t\t\t<img decoding=\"async\" src=\"https:\/\/cleitonpinheiro.com.br\/site\/wp-content\/uploads\/2022\/06\/6758158472872707038.gif\" title=\"\" alt=\"\" loading=\"lazy\" \/>\t\t\t\t\t\t\t\t\t\t\t\t\t\t\t<\/div>\n\t\t\t\t<\/div>\n\t\t\t\t<div class=\"elementor-element elementor-element-66dd694 elementor-grid-1 elementor-posts--thumbnail-left load-more-align-justify elementor-grid-tablet-2 elementor-grid-mobile-1 elementor-widget elementor-widget-posts\" data-id=\"66dd694\" data-element_type=\"widget\" data-settings=\"{&quot;classic_columns&quot;:&quot;1&quot;,&quot;classic_row_gap&quot;:{&quot;unit&quot;:&quot;px&quot;,&quot;size&quot;:50,&quot;sizes&quot;:[]},&quot;pagination_type&quot;:&quot;load_more_on_click&quot;,&quot;classic_columns_tablet&quot;:&quot;2&quot;,&quot;classic_columns_mobile&quot;:&quot;1&quot;,&quot;classic_row_gap_tablet&quot;:{&quot;unit&quot;:&quot;px&quot;,&quot;size&quot;:&quot;&quot;,&quot;sizes&quot;:[]},&quot;classic_row_gap_mobile&quot;:{&quot;unit&quot;:&quot;px&quot;,&quot;size&quot;:&quot;&quot;,&quot;sizes&quot;:[]},&quot;load_more_spinner&quot;:{&quot;value&quot;:&quot;fas fa-spinner&quot;,&quot;library&quot;:&quot;fa-solid&quot;}}\" data-widget_type=\"posts.classic\">\n\t\t\t\t<div class=\"elementor-widget-container\">\n\t\t\t\t\t\t\t<div class=\"elementor-posts-container elementor-posts elementor-posts--skin-classic elementor-grid\">\n\t\t\t\t<article class=\"elementor-post elementor-grid-item post-88418 post type-post status-publish format-standard hentry category-manchete-segundaria category-politica category-todas-noticias\">\n\t\t\t\t<div class=\"elementor-post__text\">\n\t\t\t\t<h4 class=\"elementor-post__title\">\n\t\t\t<a href=\"https:\/\/cleitonpinheiro.com.br\/site\/pesquisa-aponta-que-fake-news-sobre-eleicoes-miram-urnas-eletronicas\/\" >\n\t\t\t\tPesquisa aponta que fake news sobre elei\u00e7\u00f5es miram urnas eletr\u00f4nicas\t\t\t<\/a>\n\t\t<\/h4>\n\t\t\t\t<div class=\"elementor-post__meta-data\">\n\t\t\t\t\t<span class=\"elementor-post-date\">\n\t\t\t19 de maio de 2026\t\t<\/span>\n\t\t\t\t<\/div>\n\t\t\t\t<div class=\"elementor-post__excerpt\">\n\t\t\t<p>As urnas eletr\u00f4nicas completam 30 anos de exist\u00eancia no Brasil em meio a narrativas de desinforma\u00e7\u00e3o sobre o sistema de<\/p>\n\t\t<\/div>\n\t\t\t\t<\/div>\n\t\t\t\t<\/article>\n\t\t\t\t<article class=\"elementor-post elementor-grid-item post-88410 post type-post status-publish format-standard hentry category-manchete-segundaria category-politica category-todas-noticias\">\n\t\t\t\t<div class=\"elementor-post__text\">\n\t\t\t\t<h4 class=\"elementor-post__title\">\n\t\t\t<a href=\"https:\/\/cleitonpinheiro.com.br\/site\/flavio-dino-abre-apuracao-sobre-emendas-para-produtora-do-filme-de-bolsonaro\/\" >\n\t\t\t\tFl\u00e1vio Dino abre apura\u00e7\u00e3o sobre emendas para produtora do filme de Bolsonaro\t\t\t<\/a>\n\t\t<\/h4>\n\t\t\t\t<div class=\"elementor-post__meta-data\">\n\t\t\t\t\t<span class=\"elementor-post-date\">\n\t\t\t15 de maio de 2026\t\t<\/span>\n\t\t\t\t<\/div>\n\t\t\t\t<div class=\"elementor-post__excerpt\">\n\t\t\t<p>O ministro Fl\u00e1vio Dino, do Supremo Tribunal Federal (STF), determinou nesta sexta-feira (15) a abertura de uma investiga\u00e7\u00e3o preliminar para<\/p>\n\t\t<\/div>\n\t\t\t\t<\/div>\n\t\t\t\t<\/article>\n\t\t\t\t<article class=\"elementor-post elementor-grid-item post-88376 post type-post status-publish format-standard hentry category-manchete-segundaria category-politica category-todas-noticias\">\n\t\t\t\t<div class=\"elementor-post__text\">\n\t\t\t\t<h4 class=\"elementor-post__title\">\n\t\t\t<a href=\"https:\/\/cleitonpinheiro.com.br\/site\/ministro-flavio-dino-manda-tse-analisar-possivel-uso-de-emendas-em-campanha-eleitoral\/\" >\n\t\t\t\tMinistro Fl\u00e1vio Dino manda TSE analisar poss\u00edvel uso de emendas em campanha eleitoral\t\t\t<\/a>\n\t\t<\/h4>\n\t\t\t\t<div class=\"elementor-post__meta-data\">\n\t\t\t\t\t<span class=\"elementor-post-date\">\n\t\t\t13 de maio de 2026\t\t<\/span>\n\t\t\t\t<\/div>\n\t\t\t\t<div class=\"elementor-post__excerpt\">\n\t\t\t<p>O ministro Fl\u00e1vio Dino, do Supremo Tribunal Federal (STF), enviou ao Tribunal Superior Eleitoral (TSE) e \u00e0 Procuradoria-Geral da Rep\u00fablica<\/p>\n\t\t<\/div>\n\t\t\t\t<\/div>\n\t\t\t\t<\/article>\n\t\t\t\t<article class=\"elementor-post elementor-grid-item post-88344 post type-post status-publish format-standard hentry category-manchete-segundaria category-politica category-todas-noticias\">\n\t\t\t\t<div class=\"elementor-post__text\">\n\t\t\t\t<h4 class=\"elementor-post__title\">\n\t\t\t<a href=\"https:\/\/cleitonpinheiro.com.br\/site\/tse-lanca-mascote-pilili-e-celebra-30-anos-da-urna-eletronica\/\" >\n\t\t\t\tTSE lan\u00e7a mascote\u00a0Pilili\u00a0e celebra 30 anos da urna eletr\u00f4nica\t\t\t<\/a>\n\t\t<\/h4>\n\t\t\t\t<div class=\"elementor-post__meta-data\">\n\t\t\t\t\t<span class=\"elementor-post-date\">\n\t\t\t7 de maio de 2026\t\t<\/span>\n\t\t\t\t<\/div>\n\t\t\t\t<div class=\"elementor-post__excerpt\">\n\t\t\t<p>O Tribunal Superior Eleitoral (TSE) celebrou, nesta segunda-feira (4), os 30 anos da urna eletr\u00f4nica, s\u00edmbolo da moderniza\u00e7\u00e3o do processo<\/p>\n\t\t<\/div>\n\t\t\t\t<\/div>\n\t\t\t\t<\/article>\n\t\t\t\t<\/div>\n\t\t\t\t\t<span class=\"e-load-more-spinner\">\n\t\t\t\t<i aria-hidden=\"true\" class=\"fas fa-spinner\"><\/i>\t\t\t<\/span>\n\t\t\n\t\t\t\t<div class=\"e-load-more-anchor\" data-page=\"1\" data-max-page=\"483\" data-next-page=\"https:\/\/cleitonpinheiro.com.br\/site\/wp-json\/wp\/v2\/pages\/59828\/page\/2\/\"><\/div>\n\t\t\t\t<div class=\"elementor-button-wrapper\">\n\t\t\t<a href=\"#\" class=\"elementor-button-link elementor-button\" role=\"button\">\n\t\t\t\t\t\t<span class=\"elementor-button-content-wrapper\">\n\t\t\t\t\t\t\t\t\t<span class=\"elementor-button-text\">VEJA MAIS<\/span>\n\t\t\t\t\t<\/span>\n\t\t\t\t\t<\/a>\n\t\t<\/div>\n\t\t\t\t<div class=\"e-load-more-message\"><\/div>\n\t\t\t\t\t\t<\/div>\n\t\t\t\t<\/div>\n\t\t\t\t\t<\/div>\n\t\t<\/div>\n\t\t\t\t<div class=\"elementor-column elementor-col-50 elementor-top-column elementor-element elementor-element-c526536\" data-id=\"c526536\" data-element_type=\"column\" data-settings=\"{&quot;background_background&quot;:&quot;classic&quot;}\">\n\t\t\t<div class=\"elementor-widget-wrap elementor-element-populated\">\n\t\t\t\t\t\t<section class=\"elementor-section elementor-inner-section elementor-element elementor-element-d6c77d0 elementor-section-boxed elementor-section-height-default elementor-section-height-default\" data-id=\"d6c77d0\" data-element_type=\"section\">\n\t\t\t\t\t\t<div class=\"elementor-container elementor-column-gap-default\">\n\t\t\t\t\t<div class=\"elementor-column elementor-col-100 elementor-inner-column elementor-element elementor-element-db8e83e\" data-id=\"db8e83e\" data-element_type=\"column\" data-settings=\"{&quot;background_background&quot;:&quot;classic&quot;}\">\n\t\t\t<div class=\"elementor-widget-wrap elementor-element-populated\">\n\t\t\t\t\t\t<div class=\"elementor-element elementor-element-05109a9 elementor-widget elementor-widget-heading\" data-id=\"05109a9\" data-element_type=\"widget\" data-widget_type=\"heading.default\">\n\t\t\t\t<div class=\"elementor-widget-container\">\n\t\t\t\t\t<h2 class=\"elementor-heading-title elementor-size-default\">Mais populares <\/h2>\t\t\t\t<\/div>\n\t\t\t\t<\/div>\n\t\t\t\t<div class=\"elementor-element elementor-element-2fb7d3c elementor-grid-1 elementor-posts--thumbnail-left elementor-posts--align-left elementor-grid-tablet-2 elementor-grid-mobile-1 elementor-widget elementor-widget-posts\" data-id=\"2fb7d3c\" data-element_type=\"widget\" data-settings=\"{&quot;classic_columns&quot;:&quot;1&quot;,&quot;classic_columns_tablet&quot;:&quot;2&quot;,&quot;classic_columns_mobile&quot;:&quot;1&quot;,&quot;classic_row_gap&quot;:{&quot;unit&quot;:&quot;px&quot;,&quot;size&quot;:35,&quot;sizes&quot;:[]},&quot;classic_row_gap_tablet&quot;:{&quot;unit&quot;:&quot;px&quot;,&quot;size&quot;:&quot;&quot;,&quot;sizes&quot;:[]},&quot;classic_row_gap_mobile&quot;:{&quot;unit&quot;:&quot;px&quot;,&quot;size&quot;:&quot;&quot;,&quot;sizes&quot;:[]}}\" data-widget_type=\"posts.classic\">\n\t\t\t\t<div class=\"elementor-widget-container\">\n\t\t\t\t\t\t\t<div class=\"elementor-posts-container elementor-posts elementor-posts--skin-classic elementor-grid\">\n\t\t\t\t<article class=\"elementor-post elementor-grid-item post-78763 post type-post status-publish format-standard hentry category-estado category-manchete-segundaria tag-tocantins\">\n\t\t\t\t<div class=\"elementor-post__text\">\n\t\t\t\t<h3 class=\"elementor-post__title\">\n\t\t\t<a href=\"https:\/\/cleitonpinheiro.com.br\/site\/tocantins\/\" >\n\t\t\t\tMPF Tocantins abre processo seletivo para estagi\u00e1rios\t\t\t<\/a>\n\t\t<\/h3>\n\t\t\t\t<\/div>\n\t\t\t\t<\/article>\n\t\t\t\t<article class=\"elementor-post elementor-grid-item post-71118 post type-post status-publish format-standard hentry category-funcionalismo category-todas-noticias\">\n\t\t\t\t<div class=\"elementor-post__text\">\n\t\t\t\t<h3 class=\"elementor-post__title\">\n\t\t\t<a href=\"https:\/\/cleitonpinheiro.com.br\/site\/incompetencia-da-atual-diretoria-do-sisepe-to-faz-servidores-perderem-direito-aos-25-na-justica\/\" >\n\t\t\t\tIncompet\u00eancia da atual diretoria do Sisepe-TO faz servidores perderem direito aos 25% na Justi\u00e7a\t\t\t<\/a>\n\t\t<\/h3>\n\t\t\t\t<\/div>\n\t\t\t\t<\/article>\n\t\t\t\t<article class=\"elementor-post elementor-grid-item post-61800 post type-post status-publish format-standard hentry category-cidades category-manchete-segundaria\">\n\t\t\t\t<div class=\"elementor-post__text\">\n\t\t\t\t<h3 class=\"elementor-post__title\">\n\t\t\t<a href=\"https:\/\/cleitonpinheiro.com.br\/site\/acusados-de-fraudar-licitacao-na-camara-de-porto-respondem-por-associacao-criminosa\/\" >\n\t\t\t\tAcusados de fraudar licita\u00e7\u00e3o na C\u00e2mara de Porto respondem por associa\u00e7\u00e3o criminosa\t\t\t<\/a>\n\t\t<\/h3>\n\t\t\t\t<\/div>\n\t\t\t\t<\/article>\n\t\t\t\t<article class=\"elementor-post elementor-grid-item post-65487 post type-post status-publish format-standard hentry category-funcionalismo category-todas-noticias\">\n\t\t\t\t<div class=\"elementor-post__text\">\n\t\t\t\t<h3 class=\"elementor-post__title\">\n\t\t\t<a href=\"https:\/\/cleitonpinheiro.com.br\/site\/em-conduta-abusiva-banco-de-brasilia-estabelece-clausula-em-que-servidor-fica-responsavel-por-pagar-antecipacao-dos-passivos-caso-estado-nao-cumpra-com-sua-obrigacao-ajusp-to-aciona-mpf-para-que-or\/\" >\n\t\t\t\tBRB estabelece cl\u00e1usula em que servidor fica obrigado a pagar passivos, caso Estado n\u00e3o pague\t\t\t<\/a>\n\t\t<\/h3>\n\t\t\t\t<\/div>\n\t\t\t\t<\/article>\n\t\t\t\t<article class=\"elementor-post elementor-grid-item post-71076 post type-post status-publish format-standard hentry category-funcionalismo category-manchete-segundaria\">\n\t\t\t\t<div class=\"elementor-post__text\">\n\t\t\t\t<h3 class=\"elementor-post__title\">\n\t\t\t<a href=\"https:\/\/cleitonpinheiro.com.br\/site\/dentro-da-lrf-governo-do-tocantins-publica-mais-de-53-mil-progressoes-para-servidores\/\" >\n\t\t\t\tGovernador Wanderlei Barbosa publica nesta quinta-feira mais de 5,3 mil progress\u00f5es para servidores\t\t\t<\/a>\n\t\t<\/h3>\n\t\t\t\t<\/div>\n\t\t\t\t<\/article>\n\t\t\t\t<article class=\"elementor-post elementor-grid-item post-87454 post type-post status-publish format-standard hentry category-colunas\">\n\t\t\t\t<div class=\"elementor-post__text\">\n\t\t\t\t<h3 class=\"elementor-post__title\">\n\t\t\t<a href=\"https:\/\/cleitonpinheiro.com.br\/site\/liderar-e-fazer-pertencer\/\" >\n\t\t\t\tLiderar \u00e9 fazer pertencer\t\t\t<\/a>\n\t\t<\/h3>\n\t\t\t\t<\/div>\n\t\t\t\t<\/article>\n\t\t\t\t<article class=\"elementor-post elementor-grid-item post-64634 post type-post status-publish format-standard hentry category-funcionalismo category-todas-noticias\">\n\t\t\t\t<div class=\"elementor-post__text\">\n\t\t\t\t<h3 class=\"elementor-post__title\">\n\t\t\t<a href=\"https:\/\/cleitonpinheiro.com.br\/site\/por-6-a-2-stf-nega-embargos-dos-embargos-do-governo-do-to-e-decide-manter-reajuste-de-25-dos-servidores-do-quadro-geral-e-da-saude\/\" >\n\t\t\t\tAt\u00e9 sexta: Por \u00a06 a 2, STF nega Embargos dos Embargos do Governo do TO e decide manter reajuste de 25% dos servidores\t\t\t<\/a>\n\t\t<\/h3>\n\t\t\t\t<\/div>\n\t\t\t\t<\/article>\n\t\t\t\t<article class=\"elementor-post elementor-grid-item post-64225 post type-post status-publish format-standard hentry category-manchete-segundaria category-politica category-todas-noticias\">\n\t\t\t\t<div class=\"elementor-post__text\">\n\t\t\t\t<h3 class=\"elementor-post__title\">\n\t\t\t<a href=\"https:\/\/cleitonpinheiro.com.br\/site\/tcu-apresenta-a-tse-dados-parciais-de-auditoria-realizada-em-boletins-de-urna-das-eleicoes-2022\/\" >\n\t\t\t\tTCU apresenta dados parciais de auditoria realizada em boletins de urna das elei\u00e7\u00f5es\t\t\t<\/a>\n\t\t<\/h3>\n\t\t\t\t<\/div>\n\t\t\t\t<\/article>\n\t\t\t\t<article class=\"elementor-post elementor-grid-item post-63209 post type-post status-publish format-standard hentry category-cidades category-manchete-segundaria\">\n\t\t\t\t<div class=\"elementor-post__text\">\n\t\t\t\t<h3 class=\"elementor-post__title\">\n\t\t\t<a href=\"https:\/\/cleitonpinheiro.com.br\/site\/prefeitura-faz-alerta-descarte-irregular-de-lixo-entope-bueiros-e-agrava-riscos-de-enchentes\/\" >\n\t\t\t\tPrefeitura faz alerta: Descarte irregular de lixo entope bueiros e agrava riscos de enchentes\t\t\t<\/a>\n\t\t<\/h3>\n\t\t\t\t<\/div>\n\t\t\t\t<\/article>\n\t\t\t\t<\/div>\n\t\t\n\t\t\t\t\t\t<\/div>\n\t\t\t\t<\/div>\n\t\t\t\t\t<\/div>\n\t\t<\/div>\n\t\t\t\t\t<\/div>\n\t\t<\/section>\n\t\t\t\t<div class=\"elementor-element elementor-element-fb82ddf elementor-widget elementor-widget-image\" data-id=\"fb82ddf\" data-element_type=\"widget\" data-widget_type=\"image.default\">\n\t\t\t\t<div class=\"elementor-widget-container\">\n\t\t\t\t\t\t\t\t\t\t\t\t\t\t\t<img decoding=\"async\" src=\"https:\/\/cleitonpinheiro.com.br\/site\/wp-content\/uploads\/2022\/06\/300x600.jpg\" title=\"\" alt=\"\" loading=\"lazy\" \/>\t\t\t\t\t\t\t\t\t\t\t\t\t\t\t<\/div>\n\t\t\t\t<\/div>\n\t\t\t\t<div class=\"elementor-element elementor-element-e881a4d elementor-widget elementor-widget-facebook-page\" data-id=\"e881a4d\" data-element_type=\"widget\" data-widget_type=\"facebook-page.default\">\n\t\t\t\t<div class=\"elementor-widget-container\">\n\t\t\t\t\t<div class=\"elementor-facebook-widget fb-page\" data-href=\"https:\/\/www.facebook.com\/portalcpnoticias\/\" data-tabs=\"timeline\" data-height=\"700px\" data-width=\"500px\" data-small-header=\"false\" data-hide-cover=\"false\" data-show-facepile=\"true\" data-hide-cta=\"false\" style=\"min-height: 1px;height:700px\"><\/div>\t\t\t\t<\/div>\n\t\t\t\t<\/div>\n\t\t\t\t\t<\/div>\n\t\t<\/div>\n\t\t\t\t\t<\/div>\n\t\t<\/section>\n\t\t\t\t<section class=\"elementor-section elementor-top-section elementor-element elementor-element-42dd6a9 elementor-section-content-middle elementor-hidden-desktop elementor-section-boxed elementor-section-height-default elementor-section-height-default\" data-id=\"42dd6a9\" data-element_type=\"section\">\n\t\t\t\t\t\t<div class=\"elementor-container elementor-column-gap-no\">\n\t\t\t\t\t<div class=\"elementor-column elementor-col-100 elementor-top-column elementor-element elementor-element-fde2bf5\" data-id=\"fde2bf5\" data-element_type=\"column\">\n\t\t\t<div class=\"elementor-widget-wrap elementor-element-populated\">\n\t\t\t\t\t\t<div class=\"elementor-element elementor-element-6602ace elementor-widget elementor-widget-image\" data-id=\"6602ace\" data-element_type=\"widget\" data-widget_type=\"image.default\">\n\t\t\t\t<div class=\"elementor-widget-container\">\n\t\t\t\t\t\t\t\t\t\t\t\t\t\t\t<img decoding=\"async\" src=\"https:\/\/cleitonpinheiro.com.br\/site\/wp-content\/uploads\/2022\/05\/CLIMA-BRISA-..-370x345-1.jpg\" title=\"\" alt=\"\" loading=\"lazy\" \/>\t\t\t\t\t\t\t\t\t\t\t\t\t\t\t<\/div>\n\t\t\t\t<\/div>\n\t\t\t\t\t<\/div>\n\t\t<\/div>\n\t\t\t\t\t<\/div>\n\t\t<\/section>\n\t\t\t\t<section class=\"elementor-section elementor-top-section elementor-element elementor-element-e3beb1c elementor-section-full_width elementor-hidden-desktop elementor-section-height-default elementor-section-height-default elementor-invisible\" data-id=\"e3beb1c\" data-element_type=\"section\" data-settings=\"{&quot;animation&quot;:&quot;zoomIn&quot;}\">\n\t\t\t\t\t\t<div class=\"elementor-container elementor-column-gap-default\">\n\t\t\t\t\t<div class=\"elementor-column elementor-col-100 elementor-top-column elementor-element elementor-element-e7136a7\" data-id=\"e7136a7\" data-element_type=\"column\">\n\t\t\t<div class=\"elementor-widget-wrap elementor-element-populated\">\n\t\t\t\t\t\t<div class=\"elementor-element elementor-element-e44a64e elementor-grid-1 elementor-grid-tablet-2 elementor-grid-mobile-1 elementor-posts--thumbnail-top elementor-widget elementor-widget-posts\" data-id=\"e44a64e\" data-element_type=\"widget\" data-settings=\"{&quot;classic_columns&quot;:&quot;1&quot;,&quot;classic_row_gap&quot;:{&quot;unit&quot;:&quot;px&quot;,&quot;size&quot;:50,&quot;sizes&quot;:[]},&quot;classic_row_gap_mobile&quot;:{&quot;unit&quot;:&quot;px&quot;,&quot;size&quot;:17,&quot;sizes&quot;:[]},&quot;classic_columns_tablet&quot;:&quot;2&quot;,&quot;classic_columns_mobile&quot;:&quot;1&quot;,&quot;classic_row_gap_tablet&quot;:{&quot;unit&quot;:&quot;px&quot;,&quot;size&quot;:&quot;&quot;,&quot;sizes&quot;:[]}}\" data-widget_type=\"posts.classic\">\n\t\t\t\t<div class=\"elementor-widget-container\">\n\t\t\t\t\t\t\t<div class=\"elementor-posts-container elementor-posts elementor-posts--skin-classic elementor-grid\">\n\t\t\t\t<article class=\"elementor-post elementor-grid-item post-89039 post type-post status-publish format-standard has-post-thumbnail hentry category-manchete-segundaria category-politica category-todas-noticias\">\n\t\t\t\t<a class=\"elementor-post__thumbnail__link\" href=\"https:\/\/cleitonpinheiro.com.br\/site\/camara-de-palmas-homenageia-militares-que-ajudaram-a-construir-a-historia-da-capital\/\" tabindex=\"-1\" >\n\t\t\t<div class=\"elementor-post__thumbnail\"><img fetchpriority=\"high\" decoding=\"async\" width=\"1536\" height=\"864\" src=\"https:\/\/cleitonpinheiro.com.br\/site\/wp-content\/uploads\/2026\/08\/IMG_9715-1.jpg-1536x864.jpeg\" class=\"attachment-1536x1536 size-1536x1536 wp-image-89040\" alt=\"\" srcset=\"https:\/\/cleitonpinheiro.com.br\/site\/wp-content\/uploads\/2026\/08\/IMG_9715-1.jpg-1536x864.jpeg 1536w, https:\/\/cleitonpinheiro.com.br\/site\/wp-content\/uploads\/2026\/08\/IMG_9715-1.jpg-300x169.jpeg 300w, https:\/\/cleitonpinheiro.com.br\/site\/wp-content\/uploads\/2026\/08\/IMG_9715-1.jpg-1024x576.jpeg 1024w, https:\/\/cleitonpinheiro.com.br\/site\/wp-content\/uploads\/2026\/08\/IMG_9715-1.jpg-768x432.jpeg 768w, https:\/\/cleitonpinheiro.com.br\/site\/wp-content\/uploads\/2026\/08\/IMG_9715-1.jpg-2048x1152.jpeg 2048w\" sizes=\"(max-width: 1536px) 100vw, 1536px\" \/><\/div>\n\t\t<\/a>\n\t\t\t\t<div class=\"elementor-post__text\">\n\t\t\t\t<h4 class=\"elementor-post__title\">\n\t\t\t<a href=\"https:\/\/cleitonpinheiro.com.br\/site\/camara-de-palmas-homenageia-militares-que-ajudaram-a-construir-a-historia-da-capital\/\" >\n\t\t\t\tC\u00e2mara de Palmas homenageia militares que ajudaram a construir a hist\u00f3ria da Capital\t\t\t<\/a>\n\t\t<\/h4>\n\t\t\t\t<div class=\"elementor-post__meta-data\">\n\t\t\t\t\t<span class=\"elementor-post-date\">\n\t\t\t20 de agosto de 2026\t\t<\/span>\n\t\t\t\t<\/div>\n\t\t\t\t<\/div>\n\t\t\t\t<\/article>\n\t\t\t\t<article class=\"elementor-post elementor-grid-item post-89035 post type-post status-publish format-standard has-post-thumbnail hentry category-manchete-segundaria category-politica category-todas-noticias\">\n\t\t\t\t<a class=\"elementor-post__thumbnail__link\" href=\"https:\/\/cleitonpinheiro.com.br\/site\/para-81-dos-brasileiros-e-fundamental-que-candidato-acredite-em-deus\/\" tabindex=\"-1\" >\n\t\t\t<div class=\"elementor-post__thumbnail\"><img decoding=\"async\" width=\"608\" height=\"328\" src=\"https:\/\/cleitonpinheiro.com.br\/site\/wp-content\/uploads\/2026\/07\/images-5.jpeg\" class=\"attachment-1536x1536 size-1536x1536 wp-image-88912\" alt=\"\" srcset=\"https:\/\/cleitonpinheiro.com.br\/site\/wp-content\/uploads\/2026\/07\/images-5.jpeg 608w, https:\/\/cleitonpinheiro.com.br\/site\/wp-content\/uploads\/2026\/07\/images-5-300x162.jpeg 300w\" sizes=\"(max-width: 608px) 100vw, 608px\" \/><\/div>\n\t\t<\/a>\n\t\t\t\t<div class=\"elementor-post__text\">\n\t\t\t\t<h4 class=\"elementor-post__title\">\n\t\t\t<a href=\"https:\/\/cleitonpinheiro.com.br\/site\/para-81-dos-brasileiros-e-fundamental-que-candidato-acredite-em-deus\/\" >\n\t\t\t\tPara 81% dos brasileiros, \u00e9 fundamental que candidato acredite em Deus\t\t\t<\/a>\n\t\t<\/h4>\n\t\t\t\t<div class=\"elementor-post__meta-data\">\n\t\t\t\t\t<span class=\"elementor-post-date\">\n\t\t\t20 de agosto de 2026\t\t<\/span>\n\t\t\t\t<\/div>\n\t\t\t\t<\/div>\n\t\t\t\t<\/article>\n\t\t\t\t<article class=\"elementor-post elementor-grid-item post-89012 post type-post status-publish format-standard has-post-thumbnail hentry category-noticias-em-destaque category-politica category-todas-noticias\">\n\t\t\t\t<a class=\"elementor-post__thumbnail__link\" href=\"https:\/\/cleitonpinheiro.com.br\/site\/eleicoes-2026-tocantins-conta-com-sete-candidatos-ao-governo-estadual\/\" tabindex=\"-1\" >\n\t\t\t<div class=\"elementor-post__thumbnail\"><img decoding=\"async\" width=\"608\" height=\"328\" src=\"https:\/\/cleitonpinheiro.com.br\/site\/wp-content\/uploads\/2026\/07\/images-5.jpeg\" class=\"attachment-1536x1536 size-1536x1536 wp-image-88912\" alt=\"\" srcset=\"https:\/\/cleitonpinheiro.com.br\/site\/wp-content\/uploads\/2026\/07\/images-5.jpeg 608w, https:\/\/cleitonpinheiro.com.br\/site\/wp-content\/uploads\/2026\/07\/images-5-300x162.jpeg 300w\" sizes=\"(max-width: 608px) 100vw, 608px\" \/><\/div>\n\t\t<\/a>\n\t\t\t\t<div class=\"elementor-post__text\">\n\t\t\t\t<h4 class=\"elementor-post__title\">\n\t\t\t<a href=\"https:\/\/cleitonpinheiro.com.br\/site\/eleicoes-2026-tocantins-conta-com-sete-candidatos-ao-governo-estadual\/\" >\n\t\t\t\tElei\u00e7\u00f5es 2026: Tocantins conta com sete candidatos ao Governo Estadual\t\t\t<\/a>\n\t\t<\/h4>\n\t\t\t\t<div class=\"elementor-post__meta-data\">\n\t\t\t\t\t<span class=\"elementor-post-date\">\n\t\t\t20 de agosto de 2026\t\t<\/span>\n\t\t\t\t<\/div>\n\t\t\t\t<\/div>\n\t\t\t\t<\/article>\n\t\t\t\t<\/div>\n\t\t\n\t\t\t\t\t\t<\/div>\n\t\t\t\t<\/div>\n\t\t\t\t\t<\/div>\n\t\t<\/div>\n\t\t\t\t\t<\/div>\n\t\t<\/section>\n\t\t\t\t<section class=\"elementor-section elementor-top-section elementor-element elementor-element-0c79c22 elementor-section-content-middle elementor-hidden-desktop elementor-section-boxed elementor-section-height-default elementor-section-height-default\" data-id=\"0c79c22\" data-element_type=\"section\">\n\t\t\t\t\t\t<div class=\"elementor-container elementor-column-gap-no\">\n\t\t\t\t\t<div class=\"elementor-column elementor-col-100 elementor-top-column elementor-element elementor-element-4c69c1b\" data-id=\"4c69c1b\" data-element_type=\"column\">\n\t\t\t<div class=\"elementor-widget-wrap elementor-element-populated\">\n\t\t\t\t\t\t<div class=\"elementor-element elementor-element-348cbd5 elementor-widget elementor-widget-image\" data-id=\"348cbd5\" data-element_type=\"widget\" data-widget_type=\"image.default\">\n\t\t\t\t<div class=\"elementor-widget-container\">\n\t\t\t\t\t\t\t\t\t\t\t\t\t\t\t<img decoding=\"async\" src=\"https:\/\/cleitonpinheiro.com.br\/site\/wp-content\/uploads\/2022\/05\/CLIMA-BRISA-..-370x345-1.jpg\" title=\"\" alt=\"\" loading=\"lazy\" \/>\t\t\t\t\t\t\t\t\t\t\t\t\t\t\t<\/div>\n\t\t\t\t<\/div>\n\t\t\t\t\t<\/div>\n\t\t<\/div>\n\t\t\t\t\t<\/div>\n\t\t<\/section>\n\t\t\t\t<section class=\"elementor-section elementor-top-section elementor-element elementor-element-0285fc6 elementor-hidden-desktop elementor-section-boxed elementor-section-height-default elementor-section-height-default elementor-invisible\" data-id=\"0285fc6\" data-element_type=\"section\" data-settings=\"{&quot;animation&quot;:&quot;fadeInLeft&quot;}\">\n\t\t\t\t\t\t<div class=\"elementor-container elementor-column-gap-default\">\n\t\t\t\t\t<div class=\"elementor-column elementor-col-50 elementor-top-column elementor-element elementor-element-66af179\" data-id=\"66af179\" data-element_type=\"column\">\n\t\t\t<div class=\"elementor-widget-wrap elementor-element-populated\">\n\t\t\t\t\t\t<div class=\"elementor-element elementor-element-10e5120 elementor-grid-1 elementor-grid-tablet-2 elementor-grid-mobile-1 elementor-posts--thumbnail-top elementor-widget elementor-widget-posts\" data-id=\"10e5120\" data-element_type=\"widget\" data-settings=\"{&quot;classic_columns&quot;:&quot;1&quot;,&quot;classic_row_gap&quot;:{&quot;unit&quot;:&quot;px&quot;,&quot;size&quot;:50,&quot;sizes&quot;:[]},&quot;classic_row_gap_mobile&quot;:{&quot;unit&quot;:&quot;px&quot;,&quot;size&quot;:17,&quot;sizes&quot;:[]},&quot;classic_columns_tablet&quot;:&quot;2&quot;,&quot;classic_columns_mobile&quot;:&quot;1&quot;,&quot;classic_row_gap_tablet&quot;:{&quot;unit&quot;:&quot;px&quot;,&quot;size&quot;:&quot;&quot;,&quot;sizes&quot;:[]}}\" data-widget_type=\"posts.classic\">\n\t\t\t\t<div class=\"elementor-widget-container\">\n\t\t\t\t\t\t\t<div class=\"elementor-posts-container elementor-posts elementor-posts--skin-classic elementor-grid\">\n\t\t\t\t<article class=\"elementor-post elementor-grid-item post-88999 post type-post status-publish format-standard has-post-thumbnail hentry category-manchete-segundaria category-politica category-todas-noticias\">\n\t\t\t\t<a class=\"elementor-post__thumbnail__link\" href=\"https:\/\/cleitonpinheiro.com.br\/site\/alcolumbre-destrava-pec-do-fim-da-6x1-apos-conversas-com-lula\/\" tabindex=\"-1\" >\n\t\t\t<div class=\"elementor-post__thumbnail\"><img decoding=\"async\" width=\"960\" height=\"720\" src=\"https:\/\/cleitonpinheiro.com.br\/site\/wp-content\/uploads\/2026\/08\/tamanho-site-1.png\" class=\"attachment-1536x1536 size-1536x1536 wp-image-89000\" alt=\"\" srcset=\"https:\/\/cleitonpinheiro.com.br\/site\/wp-content\/uploads\/2026\/08\/tamanho-site-1.png 960w, https:\/\/cleitonpinheiro.com.br\/site\/wp-content\/uploads\/2026\/08\/tamanho-site-1-300x225.png 300w, https:\/\/cleitonpinheiro.com.br\/site\/wp-content\/uploads\/2026\/08\/tamanho-site-1-768x576.png 768w\" sizes=\"(max-width: 960px) 100vw, 960px\" \/><\/div>\n\t\t<\/a>\n\t\t\t\t<div class=\"elementor-post__text\">\n\t\t\t\t<h4 class=\"elementor-post__title\">\n\t\t\t<a href=\"https:\/\/cleitonpinheiro.com.br\/site\/alcolumbre-destrava-pec-do-fim-da-6x1-apos-conversas-com-lula\/\" >\n\t\t\t\tAlcolumbre destrava PEC do fim da 6&#215;1 ap\u00f3s conversas com Lula\t\t\t<\/a>\n\t\t<\/h4>\n\t\t\t\t<div class=\"elementor-post__meta-data\">\n\t\t\t\t\t<span class=\"elementor-post-date\">\n\t\t\t14 de agosto de 2026\t\t<\/span>\n\t\t\t\t<\/div>\n\t\t\t\t<\/div>\n\t\t\t\t<\/article>\n\t\t\t\t<article class=\"elementor-post elementor-grid-item post-88987 post type-post status-publish format-standard has-post-thumbnail hentry category-manchete-segundaria category-politica category-todas-noticias\">\n\t\t\t\t<a class=\"elementor-post__thumbnail__link\" href=\"https:\/\/cleitonpinheiro.com.br\/site\/ex-governador-claudio-castro-e-alvo-da-segunda-fase-da-operacao-sem-refino-da-policia-federal\/\" tabindex=\"-1\" >\n\t\t\t<div class=\"elementor-post__thumbnail\"><img loading=\"lazy\" decoding=\"async\" width=\"1170\" height=\"700\" src=\"https:\/\/cleitonpinheiro.com.br\/site\/wp-content\/uploads\/2026\/06\/pf_reprime_esquema_de_lavagem_de_capitais_e_de_evasao_de_divisas_em_sp_e_em_sc.webp\" class=\"attachment-1536x1536 size-1536x1536 wp-image-88733\" alt=\"\" srcset=\"https:\/\/cleitonpinheiro.com.br\/site\/wp-content\/uploads\/2026\/06\/pf_reprime_esquema_de_lavagem_de_capitais_e_de_evasao_de_divisas_em_sp_e_em_sc.webp 1170w, https:\/\/cleitonpinheiro.com.br\/site\/wp-content\/uploads\/2026\/06\/pf_reprime_esquema_de_lavagem_de_capitais_e_de_evasao_de_divisas_em_sp_e_em_sc-300x179.webp 300w, https:\/\/cleitonpinheiro.com.br\/site\/wp-content\/uploads\/2026\/06\/pf_reprime_esquema_de_lavagem_de_capitais_e_de_evasao_de_divisas_em_sp_e_em_sc-1024x613.webp 1024w, https:\/\/cleitonpinheiro.com.br\/site\/wp-content\/uploads\/2026\/06\/pf_reprime_esquema_de_lavagem_de_capitais_e_de_evasao_de_divisas_em_sp_e_em_sc-768x459.webp 768w\" sizes=\"(max-width: 1170px) 100vw, 1170px\" \/><\/div>\n\t\t<\/a>\n\t\t\t\t<div class=\"elementor-post__text\">\n\t\t\t\t<h4 class=\"elementor-post__title\">\n\t\t\t<a href=\"https:\/\/cleitonpinheiro.com.br\/site\/ex-governador-claudio-castro-e-alvo-da-segunda-fase-da-operacao-sem-refino-da-policia-federal\/\" >\n\t\t\t\tEx-governador Cl\u00e1udio Castro \u00e9 alvo da segunda fase da Opera\u00e7\u00e3o Sem Refino da Pol\u00edcia Federal\t\t\t<\/a>\n\t\t<\/h4>\n\t\t\t\t<div class=\"elementor-post__meta-data\">\n\t\t\t\t\t<span class=\"elementor-post-date\">\n\t\t\t14 de agosto de 2026\t\t<\/span>\n\t\t\t\t<\/div>\n\t\t\t\t<\/div>\n\t\t\t\t<\/article>\n\t\t\t\t<article class=\"elementor-post elementor-grid-item post-89055 post type-post status-publish format-standard has-post-thumbnail hentry category-noticias-em-destaque category-politica category-todas-noticias\">\n\t\t\t\t<a class=\"elementor-post__thumbnail__link\" href=\"https:\/\/cleitonpinheiro.com.br\/site\/palmas-cartorio-eleitoral-tera-atendimento-neste-sabado-e-domingo-para-solicitacao-de-voto-em-transito\/\" tabindex=\"-1\" >\n\t\t\t<div class=\"elementor-post__thumbnail\"><img loading=\"lazy\" decoding=\"async\" width=\"1536\" height=\"812\" src=\"https:\/\/cleitonpinheiro.com.br\/site\/wp-content\/uploads\/2026\/08\/unnamed-3-1536x812.png\" class=\"attachment-1536x1536 size-1536x1536 wp-image-89056\" alt=\"\" srcset=\"https:\/\/cleitonpinheiro.com.br\/site\/wp-content\/uploads\/2026\/08\/unnamed-3-1536x812.png 1536w, https:\/\/cleitonpinheiro.com.br\/site\/wp-content\/uploads\/2026\/08\/unnamed-3-300x159.png 300w, https:\/\/cleitonpinheiro.com.br\/site\/wp-content\/uploads\/2026\/08\/unnamed-3-1024x541.png 1024w, https:\/\/cleitonpinheiro.com.br\/site\/wp-content\/uploads\/2026\/08\/unnamed-3-768x406.png 768w, https:\/\/cleitonpinheiro.com.br\/site\/wp-content\/uploads\/2026\/08\/unnamed-3.png 1600w\" sizes=\"(max-width: 1536px) 100vw, 1536px\" \/><\/div>\n\t\t<\/a>\n\t\t\t\t<div class=\"elementor-post__text\">\n\t\t\t\t<h4 class=\"elementor-post__title\">\n\t\t\t<a href=\"https:\/\/cleitonpinheiro.com.br\/site\/palmas-cartorio-eleitoral-tera-atendimento-neste-sabado-e-domingo-para-solicitacao-de-voto-em-transito\/\" >\n\t\t\t\tPalmas: Cart\u00f3rio Eleitoral ter\u00e1 atendimento neste s\u00e1bado e domingo para solicita\u00e7\u00e3o de voto em tr\u00e2nsito\t\t\t<\/a>\n\t\t<\/h4>\n\t\t\t\t<div class=\"elementor-post__meta-data\">\n\t\t\t\t\t<span class=\"elementor-post-date\">\n\t\t\t14 de agosto de 2026\t\t<\/span>\n\t\t\t\t<\/div>\n\t\t\t\t<\/div>\n\t\t\t\t<\/article>\n\t\t\t\t<article class=\"elementor-post elementor-grid-item post-88911 post type-post status-publish format-standard has-post-thumbnail hentry category-manchete-segundaria category-politica category-todas-noticias\">\n\t\t\t\t<a class=\"elementor-post__thumbnail__link\" href=\"https:\/\/cleitonpinheiro.com.br\/site\/eleicoes-2026-campanha-boto-fe-no-voto-quer-combater-desinformacao\/\" tabindex=\"-1\" >\n\t\t\t<div class=\"elementor-post__thumbnail\"><img decoding=\"async\" width=\"608\" height=\"328\" src=\"https:\/\/cleitonpinheiro.com.br\/site\/wp-content\/uploads\/2026\/07\/images-5.jpeg\" class=\"attachment-1536x1536 size-1536x1536 wp-image-88912\" alt=\"\" srcset=\"https:\/\/cleitonpinheiro.com.br\/site\/wp-content\/uploads\/2026\/07\/images-5.jpeg 608w, https:\/\/cleitonpinheiro.com.br\/site\/wp-content\/uploads\/2026\/07\/images-5-300x162.jpeg 300w\" sizes=\"(max-width: 608px) 100vw, 608px\" \/><\/div>\n\t\t<\/a>\n\t\t\t\t<div class=\"elementor-post__text\">\n\t\t\t\t<h4 class=\"elementor-post__title\">\n\t\t\t<a href=\"https:\/\/cleitonpinheiro.com.br\/site\/eleicoes-2026-campanha-boto-fe-no-voto-quer-combater-desinformacao\/\" >\n\t\t\t\tElei\u00e7\u00f5es 2026: campanha Boto F\u00e9 no Voto quer combater desinforma\u00e7\u00e3o\t\t\t<\/a>\n\t\t<\/h4>\n\t\t\t\t<div class=\"elementor-post__meta-data\">\n\t\t\t\t\t<span class=\"elementor-post-date\">\n\t\t\t31 de julho de 2026\t\t<\/span>\n\t\t\t\t<\/div>\n\t\t\t\t<\/div>\n\t\t\t\t<\/article>\n\t\t\t\t<\/div>\n\t\t\n\t\t\t\t\t\t<\/div>\n\t\t\t\t<\/div>\n\t\t\t\t<div class=\"elementor-element elementor-element-77198c0 elementor-widget elementor-widget-image\" data-id=\"77198c0\" data-element_type=\"widget\" data-widget_type=\"image.default\">\n\t\t\t\t<div class=\"elementor-widget-container\">\n\t\t\t\t\t\t\t\t\t\t\t\t\t\t\t<img decoding=\"async\" src=\"https:\/\/cleitonpinheiro.com.br\/site\/wp-content\/uploads\/2022\/05\/CLIMA-BRISA-..-370x345-1.jpg\" title=\"\" alt=\"\" loading=\"lazy\" \/>\t\t\t\t\t\t\t\t\t\t\t\t\t\t\t<\/div>\n\t\t\t\t<\/div>\n\t\t\t\t<div class=\"elementor-element elementor-element-2fc9e5e elementor-grid-1 load-more-align-justify elementor-grid-tablet-2 elementor-grid-mobile-1 elementor-posts--thumbnail-top elementor-widget elementor-widget-posts\" data-id=\"2fc9e5e\" data-element_type=\"widget\" data-settings=\"{&quot;classic_columns&quot;:&quot;1&quot;,&quot;classic_row_gap&quot;:{&quot;unit&quot;:&quot;px&quot;,&quot;size&quot;:50,&quot;sizes&quot;:[]},&quot;pagination_type&quot;:&quot;load_more_on_click&quot;,&quot;classic_row_gap_mobile&quot;:{&quot;unit&quot;:&quot;px&quot;,&quot;size&quot;:17,&quot;sizes&quot;:[]},&quot;classic_columns_tablet&quot;:&quot;2&quot;,&quot;classic_columns_mobile&quot;:&quot;1&quot;,&quot;classic_row_gap_tablet&quot;:{&quot;unit&quot;:&quot;px&quot;,&quot;size&quot;:&quot;&quot;,&quot;sizes&quot;:[]},&quot;load_more_spinner&quot;:{&quot;value&quot;:&quot;fas fa-spinner&quot;,&quot;library&quot;:&quot;fa-solid&quot;}}\" data-widget_type=\"posts.classic\">\n\t\t\t\t<div class=\"elementor-widget-container\">\n\t\t\t\t\t\t\t<div class=\"elementor-posts-container elementor-posts elementor-posts--skin-classic elementor-grid\">\n\t\t\t\t<article class=\"elementor-post elementor-grid-item post-88896 post type-post status-publish format-standard has-post-thumbnail hentry category-manchete-segundaria category-politica category-todas-noticias\">\n\t\t\t\t<a class=\"elementor-post__thumbnail__link\" href=\"https:\/\/cleitonpinheiro.com.br\/site\/eleicoes-2026-tocantins-abre-periodo-de-convencoes-partidarias-com-a-federacao-psol-rede\/\" tabindex=\"-1\" >\n\t\t\t<div class=\"elementor-post__thumbnail\"><img loading=\"lazy\" decoding=\"async\" width=\"1284\" height=\"869\" src=\"https:\/\/cleitonpinheiro.com.br\/site\/wp-content\/uploads\/2026\/07\/WhatsApp-Image-2026-07-20-at-17.30.20.jpeg\" class=\"attachment-1536x1536 size-1536x1536 wp-image-88897\" alt=\"\" srcset=\"https:\/\/cleitonpinheiro.com.br\/site\/wp-content\/uploads\/2026\/07\/WhatsApp-Image-2026-07-20-at-17.30.20.jpeg 1284w, https:\/\/cleitonpinheiro.com.br\/site\/wp-content\/uploads\/2026\/07\/WhatsApp-Image-2026-07-20-at-17.30.20-300x203.jpeg 300w, https:\/\/cleitonpinheiro.com.br\/site\/wp-content\/uploads\/2026\/07\/WhatsApp-Image-2026-07-20-at-17.30.20-1024x693.jpeg 1024w, https:\/\/cleitonpinheiro.com.br\/site\/wp-content\/uploads\/2026\/07\/WhatsApp-Image-2026-07-20-at-17.30.20-768x520.jpeg 768w\" sizes=\"(max-width: 1284px) 100vw, 1284px\" \/><\/div>\n\t\t<\/a>\n\t\t\t\t<div class=\"elementor-post__text\">\n\t\t\t\t<h4 class=\"elementor-post__title\">\n\t\t\t<a href=\"https:\/\/cleitonpinheiro.com.br\/site\/eleicoes-2026-tocantins-abre-periodo-de-convencoes-partidarias-com-a-federacao-psol-rede\/\" >\n\t\t\t\tElei\u00e7\u00f5es 2026: Tocantins abre per\u00edodo de conven\u00e7\u00f5es partid\u00e1rias com a Federa\u00e7\u00e3o PSOL\/Rede\t\t\t<\/a>\n\t\t<\/h4>\n\t\t\t\t<div class=\"elementor-post__meta-data\">\n\t\t\t\t\t<span class=\"elementor-post-date\">\n\t\t\t20 de julho de 2026\t\t<\/span>\n\t\t\t\t<\/div>\n\t\t\t\t<\/div>\n\t\t\t\t<\/article>\n\t\t\t\t<article class=\"elementor-post elementor-grid-item post-88880 post type-post status-publish format-standard has-post-thumbnail hentry category-manchete-segundaria category-politica category-todas-noticias\">\n\t\t\t\t<a class=\"elementor-post__thumbnail__link\" href=\"https:\/\/cleitonpinheiro.com.br\/site\/justica-eleitoral-comeca-a-convocar-mesarios-para-eleicoes-de-outubro\/\" tabindex=\"-1\" >\n\t\t\t<div class=\"elementor-post__thumbnail\"><img loading=\"lazy\" decoding=\"async\" width=\"1170\" height=\"700\" src=\"https:\/\/cleitonpinheiro.com.br\/site\/wp-content\/uploads\/2026\/07\/zona_eleitoral_01.webp\" class=\"attachment-1536x1536 size-1536x1536 wp-image-88881\" alt=\"\" srcset=\"https:\/\/cleitonpinheiro.com.br\/site\/wp-content\/uploads\/2026\/07\/zona_eleitoral_01.webp 1170w, https:\/\/cleitonpinheiro.com.br\/site\/wp-content\/uploads\/2026\/07\/zona_eleitoral_01-300x179.webp 300w, https:\/\/cleitonpinheiro.com.br\/site\/wp-content\/uploads\/2026\/07\/zona_eleitoral_01-1024x613.webp 1024w, https:\/\/cleitonpinheiro.com.br\/site\/wp-content\/uploads\/2026\/07\/zona_eleitoral_01-768x459.webp 768w\" sizes=\"(max-width: 1170px) 100vw, 1170px\" \/><\/div>\n\t\t<\/a>\n\t\t\t\t<div class=\"elementor-post__text\">\n\t\t\t\t<h4 class=\"elementor-post__title\">\n\t\t\t<a href=\"https:\/\/cleitonpinheiro.com.br\/site\/justica-eleitoral-comeca-a-convocar-mesarios-para-eleicoes-de-outubro\/\" >\n\t\t\t\tJusti\u00e7a Eleitoral come\u00e7a a convocar mes\u00e1rios para elei\u00e7\u00f5es de outubro\t\t\t<\/a>\n\t\t<\/h4>\n\t\t\t\t<div class=\"elementor-post__meta-data\">\n\t\t\t\t\t<span class=\"elementor-post-date\">\n\t\t\t9 de julho de 2026\t\t<\/span>\n\t\t\t\t<\/div>\n\t\t\t\t<\/div>\n\t\t\t\t<\/article>\n\t\t\t\t<article class=\"elementor-post elementor-grid-item post-88877 post type-post status-publish format-standard has-post-thumbnail hentry category-manchete-segundaria category-politica category-todas-noticias\">\n\t\t\t\t<a class=\"elementor-post__thumbnail__link\" href=\"https:\/\/cleitonpinheiro.com.br\/site\/entenda-impasse-entre-bancada-do-agro-e-governo-sobre-dividas-rurais\/\" tabindex=\"-1\" >\n\t\t\t<div class=\"elementor-post__thumbnail\"><img loading=\"lazy\" decoding=\"async\" width=\"1170\" height=\"700\" src=\"https:\/\/cleitonpinheiro.com.br\/site\/wp-content\/uploads\/2026\/07\/1057809-ebc_07.12.2016-3002_07.12.16.webp\" class=\"attachment-1536x1536 size-1536x1536 wp-image-88878\" alt=\"\" srcset=\"https:\/\/cleitonpinheiro.com.br\/site\/wp-content\/uploads\/2026\/07\/1057809-ebc_07.12.2016-3002_07.12.16.webp 1170w, https:\/\/cleitonpinheiro.com.br\/site\/wp-content\/uploads\/2026\/07\/1057809-ebc_07.12.2016-3002_07.12.16-300x179.webp 300w, https:\/\/cleitonpinheiro.com.br\/site\/wp-content\/uploads\/2026\/07\/1057809-ebc_07.12.2016-3002_07.12.16-1024x613.webp 1024w, https:\/\/cleitonpinheiro.com.br\/site\/wp-content\/uploads\/2026\/07\/1057809-ebc_07.12.2016-3002_07.12.16-768x459.webp 768w\" sizes=\"(max-width: 1170px) 100vw, 1170px\" \/><\/div>\n\t\t<\/a>\n\t\t\t\t<div class=\"elementor-post__text\">\n\t\t\t\t<h4 class=\"elementor-post__title\">\n\t\t\t<a href=\"https:\/\/cleitonpinheiro.com.br\/site\/entenda-impasse-entre-bancada-do-agro-e-governo-sobre-dividas-rurais\/\" >\n\t\t\t\tEntenda impasse entre bancada do agro e governo sobre d\u00edvidas rurais\t\t\t<\/a>\n\t\t<\/h4>\n\t\t\t\t<div class=\"elementor-post__meta-data\">\n\t\t\t\t\t<span class=\"elementor-post-date\">\n\t\t\t8 de julho de 2026\t\t<\/span>\n\t\t\t\t<\/div>\n\t\t\t\t<\/div>\n\t\t\t\t<\/article>\n\t\t\t\t<article class=\"elementor-post elementor-grid-item post-88681 post type-post status-publish format-standard hentry category-manchete-segundaria category-politica category-todas-noticias\">\n\t\t\t\t<div class=\"elementor-post__text\">\n\t\t\t\t<h4 class=\"elementor-post__title\">\n\t\t\t<a href=\"https:\/\/cleitonpinheiro.com.br\/site\/comissao-da-camara-dos-deputados-aprova-reducao-da-maioridade-penal-para-16-anos\/\" >\n\t\t\t\tComiss\u00e3o da C\u00e2mara dos Deputados aprova redu\u00e7\u00e3o da maioridade penal para 16 anos\t\t\t<\/a>\n\t\t<\/h4>\n\t\t\t\t<div class=\"elementor-post__meta-data\">\n\t\t\t\t\t<span class=\"elementor-post-date\">\n\t\t\t10 de junho de 2026\t\t<\/span>\n\t\t\t\t<\/div>\n\t\t\t\t<\/div>\n\t\t\t\t<\/article>\n\t\t\t\t<\/div>\n\t\t\t\t\t<span class=\"e-load-more-spinner\">\n\t\t\t\t<i aria-hidden=\"true\" class=\"fas fa-spinner\"><\/i>\t\t\t<\/span>\n\t\t\n\t\t\t\t<div class=\"e-load-more-anchor\" data-page=\"1\" data-max-page=\"484\" data-next-page=\"https:\/\/cleitonpinheiro.com.br\/site\/wp-json\/wp\/v2\/pages\/59828\/page\/2\/\"><\/div>\n\t\t\t\t<div class=\"elementor-button-wrapper\">\n\t\t\t<a href=\"#\" class=\"elementor-button-link elementor-button\" role=\"button\">\n\t\t\t\t\t\t<span class=\"elementor-button-content-wrapper\">\n\t\t\t\t\t\t\t\t\t<span class=\"elementor-button-text\">VEJA MAIS <\/span>\n\t\t\t\t\t<\/span>\n\t\t\t\t\t<\/a>\n\t\t<\/div>\n\t\t\t\t<div class=\"e-load-more-message\"><\/div>\n\t\t\t\t\t\t<\/div>\n\t\t\t\t<\/div>\n\t\t\t\t<div class=\"elementor-element elementor-element-b78fd3a elementor-widget elementor-widget-image\" data-id=\"b78fd3a\" data-element_type=\"widget\" data-widget_type=\"image.default\">\n\t\t\t\t<div class=\"elementor-widget-container\">\n\t\t\t\t\t\t\t\t\t\t\t\t\t\t\t<img decoding=\"async\" src=\"https:\/\/cleitonpinheiro.com.br\/site\/wp-content\/uploads\/2022\/05\/CLIMA-BRISA-..-370x345-1.jpg\" title=\"\" alt=\"\" loading=\"lazy\" \/>\t\t\t\t\t\t\t\t\t\t\t\t\t\t\t<\/div>\n\t\t\t\t<\/div>\n\t\t\t\t\t<\/div>\n\t\t<\/div>\n\t\t\t\t<div class=\"elementor-column elementor-col-50 elementor-top-column elementor-element elementor-element-9ec5132\" data-id=\"9ec5132\" data-element_type=\"column\" data-settings=\"{&quot;background_background&quot;:&quot;classic&quot;}\">\n\t\t\t<div class=\"elementor-widget-wrap elementor-element-populated\">\n\t\t\t\t\t\t<section class=\"elementor-section elementor-inner-section elementor-element elementor-element-13b3d3d elementor-hidden-desktop elementor-section-boxed elementor-section-height-default elementor-section-height-default\" data-id=\"13b3d3d\" data-element_type=\"section\">\n\t\t\t\t\t\t<div class=\"elementor-container elementor-column-gap-default\">\n\t\t\t\t\t<div class=\"elementor-column elementor-col-100 elementor-inner-column elementor-element elementor-element-fe18a84\" data-id=\"fe18a84\" data-element_type=\"column\" data-settings=\"{&quot;background_background&quot;:&quot;classic&quot;}\">\n\t\t\t<div class=\"elementor-widget-wrap elementor-element-populated\">\n\t\t\t\t\t\t<div class=\"elementor-element elementor-element-118f4b5 elementor-widget elementor-widget-heading\" data-id=\"118f4b5\" data-element_type=\"widget\" data-widget_type=\"heading.default\">\n\t\t\t\t<div class=\"elementor-widget-container\">\n\t\t\t\t\t<h2 class=\"elementor-heading-title elementor-size-default\">Mais populares <\/h2>\t\t\t\t<\/div>\n\t\t\t\t<\/div>\n\t\t\t\t<div class=\"elementor-element elementor-element-f3c3685 elementor-grid-1 elementor-posts--thumbnail-left elementor-posts--align-left elementor-grid-tablet-2 elementor-grid-mobile-1 elementor-widget elementor-widget-posts\" data-id=\"f3c3685\" data-element_type=\"widget\" data-settings=\"{&quot;classic_columns&quot;:&quot;1&quot;,&quot;classic_columns_tablet&quot;:&quot;2&quot;,&quot;classic_columns_mobile&quot;:&quot;1&quot;,&quot;classic_row_gap&quot;:{&quot;unit&quot;:&quot;px&quot;,&quot;size&quot;:35,&quot;sizes&quot;:[]},&quot;classic_row_gap_tablet&quot;:{&quot;unit&quot;:&quot;px&quot;,&quot;size&quot;:&quot;&quot;,&quot;sizes&quot;:[]},&quot;classic_row_gap_mobile&quot;:{&quot;unit&quot;:&quot;px&quot;,&quot;size&quot;:&quot;&quot;,&quot;sizes&quot;:[]}}\" data-widget_type=\"posts.classic\">\n\t\t\t\t<div class=\"elementor-widget-container\">\n\t\t\t\t\t\t\t<div class=\"elementor-posts-container elementor-posts elementor-posts--skin-classic elementor-grid\">\n\t\t\t\t<article class=\"elementor-post elementor-grid-item post-78763 post type-post status-publish format-standard hentry category-estado category-manchete-segundaria tag-tocantins\">\n\t\t\t\t<div class=\"elementor-post__text\">\n\t\t\t\t<h3 class=\"elementor-post__title\">\n\t\t\t<a href=\"https:\/\/cleitonpinheiro.com.br\/site\/tocantins\/\" >\n\t\t\t\tMPF Tocantins abre processo seletivo para estagi\u00e1rios\t\t\t<\/a>\n\t\t<\/h3>\n\t\t\t\t<\/div>\n\t\t\t\t<\/article>\n\t\t\t\t<article class=\"elementor-post elementor-grid-item post-71118 post type-post status-publish format-standard hentry category-funcionalismo category-todas-noticias\">\n\t\t\t\t<div class=\"elementor-post__text\">\n\t\t\t\t<h3 class=\"elementor-post__title\">\n\t\t\t<a href=\"https:\/\/cleitonpinheiro.com.br\/site\/incompetencia-da-atual-diretoria-do-sisepe-to-faz-servidores-perderem-direito-aos-25-na-justica\/\" >\n\t\t\t\tIncompet\u00eancia da atual diretoria do Sisepe-TO faz servidores perderem direito aos 25% na Justi\u00e7a\t\t\t<\/a>\n\t\t<\/h3>\n\t\t\t\t<\/div>\n\t\t\t\t<\/article>\n\t\t\t\t<article class=\"elementor-post elementor-grid-item post-61800 post type-post status-publish format-standard hentry category-cidades category-manchete-segundaria\">\n\t\t\t\t<div class=\"elementor-post__text\">\n\t\t\t\t<h3 class=\"elementor-post__title\">\n\t\t\t<a href=\"https:\/\/cleitonpinheiro.com.br\/site\/acusados-de-fraudar-licitacao-na-camara-de-porto-respondem-por-associacao-criminosa\/\" >\n\t\t\t\tAcusados de fraudar licita\u00e7\u00e3o na C\u00e2mara de Porto respondem por associa\u00e7\u00e3o criminosa\t\t\t<\/a>\n\t\t<\/h3>\n\t\t\t\t<\/div>\n\t\t\t\t<\/article>\n\t\t\t\t<article class=\"elementor-post elementor-grid-item post-65487 post type-post status-publish format-standard hentry category-funcionalismo category-todas-noticias\">\n\t\t\t\t<div class=\"elementor-post__text\">\n\t\t\t\t<h3 class=\"elementor-post__title\">\n\t\t\t<a href=\"https:\/\/cleitonpinheiro.com.br\/site\/em-conduta-abusiva-banco-de-brasilia-estabelece-clausula-em-que-servidor-fica-responsavel-por-pagar-antecipacao-dos-passivos-caso-estado-nao-cumpra-com-sua-obrigacao-ajusp-to-aciona-mpf-para-que-or\/\" >\n\t\t\t\tBRB estabelece cl\u00e1usula em que servidor fica obrigado a pagar passivos, caso Estado n\u00e3o pague\t\t\t<\/a>\n\t\t<\/h3>\n\t\t\t\t<\/div>\n\t\t\t\t<\/article>\n\t\t\t\t<article class=\"elementor-post elementor-grid-item post-71076 post type-post status-publish format-standard hentry category-funcionalismo category-manchete-segundaria\">\n\t\t\t\t<div class=\"elementor-post__text\">\n\t\t\t\t<h3 class=\"elementor-post__title\">\n\t\t\t<a href=\"https:\/\/cleitonpinheiro.com.br\/site\/dentro-da-lrf-governo-do-tocantins-publica-mais-de-53-mil-progressoes-para-servidores\/\" >\n\t\t\t\tGovernador Wanderlei Barbosa publica nesta quinta-feira mais de 5,3 mil progress\u00f5es para servidores\t\t\t<\/a>\n\t\t<\/h3>\n\t\t\t\t<\/div>\n\t\t\t\t<\/article>\n\t\t\t\t<\/div>\n\t\t\n\t\t\t\t\t\t<\/div>\n\t\t\t\t<\/div>\n\t\t\t\t\t<\/div>\n\t\t<\/div>\n\t\t\t\t\t<\/div>\n\t\t<\/section>\n\t\t\t\t\t<\/div>\n\t\t<\/div>\n\t\t\t\t\t<\/div>\n\t\t<\/section>\n\t\t\t\t<\/div>\n\t\t","protected":false},"excerpt":{"rendered":"<p>Pol\u00edtica Mais populares Mais populares<\/p>\n","protected":false},"author":9,"featured_media":0,"parent":0,"menu_order":0,"comment_status":"closed","ping_status":"closed","template":"","meta":{"_acf_changed":false,"footnotes":""},"class_list":["post-59828","page","type-page","status-publish","hentry"],"acf":[],"yoast_head":"<!-- This site is optimized with the Yoast SEO plugin v24.4 - https:\/\/yoast.com\/wordpress\/plugins\/seo\/ -->\n<title>POL\u00cdTICA - PORTAL DE NOT\u00cdCIAS CLEITON PINHEIRO<\/title>\n<meta name=\"robots\" content=\"index, follow, max-snippet:-1, max-image-preview:large, max-video-preview:-1\" \/>\n<link rel=\"canonical\" href=\"https:\/\/cleitonpinheiro.com.br\/site\/politica\/\" \/>\n<meta property=\"og:locale\" content=\"pt_BR\" \/>\n<meta property=\"og:type\" content=\"article\" \/>\n<meta property=\"og:title\" content=\"POL\u00cdTICA - PORTAL DE NOT\u00cdCIAS CLEITON PINHEIRO\" \/>\n<meta property=\"og:description\" content=\"Pol\u00edtica Mais populares Mais populares\" \/>\n<meta property=\"og:url\" content=\"https:\/\/cleitonpinheiro.com.br\/site\/politica\/\" \/>\n<meta property=\"og:site_name\" content=\"PORTAL DE NOT\u00cdCIAS CLEITON PINHEIRO\" \/>\n<meta property=\"article:publisher\" content=\"https:\/\/www.facebook.com\/portalcpnoticias\/\" \/>\n<meta property=\"article:modified_time\" content=\"2022-07-29T03:00:16+00:00\" \/>\n<meta property=\"og:image\" content=\"https:\/\/cleitonpinheiro.com.br\/site\/wp-content\/uploads\/2022\/05\/3942741056617750475.gif\" \/>\n<meta name=\"twitter:card\" content=\"summary_large_image\" \/>\n<script type=\"application\/ld+json\" class=\"yoast-schema-graph\">{\"@context\":\"https:\/\/schema.org\",\"@graph\":[{\"@type\":\"WebPage\",\"@id\":\"https:\/\/cleitonpinheiro.com.br\/site\/politica\/\",\"url\":\"https:\/\/cleitonpinheiro.com.br\/site\/politica\/\",\"name\":\"POL\u00cdTICA - PORTAL DE NOT\u00cdCIAS CLEITON PINHEIRO\",\"isPartOf\":{\"@id\":\"https:\/\/cleitonpinheiro.com.br\/site\/#website\"},\"primaryImageOfPage\":{\"@id\":\"https:\/\/cleitonpinheiro.com.br\/site\/politica\/#primaryimage\"},\"image\":{\"@id\":\"https:\/\/cleitonpinheiro.com.br\/site\/politica\/#primaryimage\"},\"thumbnailUrl\":\"https:\/\/cleitonpinheiro.com.br\/site\/wp-content\/uploads\/2022\/05\/3942741056617750475.gif\",\"datePublished\":\"2022-07-21T19:23:09+00:00\",\"dateModified\":\"2022-07-29T03:00:16+00:00\",\"breadcrumb\":{\"@id\":\"https:\/\/cleitonpinheiro.com.br\/site\/politica\/#breadcrumb\"},\"inLanguage\":\"pt-BR\",\"potentialAction\":[{\"@type\":\"ReadAction\",\"target\":[\"https:\/\/cleitonpinheiro.com.br\/site\/politica\/\"]}]},{\"@type\":\"ImageObject\",\"inLanguage\":\"pt-BR\",\"@id\":\"https:\/\/cleitonpinheiro.com.br\/site\/politica\/#primaryimage\",\"url\":\"https:\/\/cleitonpinheiro.com.br\/site\/wp-content\/uploads\/2022\/05\/3942741056617750475.gif\",\"contentUrl\":\"https:\/\/cleitonpinheiro.com.br\/site\/wp-content\/uploads\/2022\/05\/3942741056617750475.gif\"},{\"@type\":\"BreadcrumbList\",\"@id\":\"https:\/\/cleitonpinheiro.com.br\/site\/politica\/#breadcrumb\",\"itemListElement\":[{\"@type\":\"ListItem\",\"position\":1,\"name\":\"In\u00edcio\",\"item\":\"https:\/\/cleitonpinheiro.com.br\/site\/\"},{\"@type\":\"ListItem\",\"position\":2,\"name\":\"POL\u00cdTICA\"}]},{\"@type\":\"WebSite\",\"@id\":\"https:\/\/cleitonpinheiro.com.br\/site\/#website\",\"url\":\"https:\/\/cleitonpinheiro.com.br\/site\/\",\"name\":\"PORTAL DE NOT\u00cdCIAS CLEITON PINHEIRO\",\"description\":\"FALANDO A VERDADE\",\"publisher\":{\"@id\":\"https:\/\/cleitonpinheiro.com.br\/site\/#organization\"},\"potentialAction\":[{\"@type\":\"SearchAction\",\"target\":{\"@type\":\"EntryPoint\",\"urlTemplate\":\"https:\/\/cleitonpinheiro.com.br\/site\/?s={search_term_string}\"},\"query-input\":{\"@type\":\"PropertyValueSpecification\",\"valueRequired\":true,\"valueName\":\"search_term_string\"}}],\"inLanguage\":\"pt-BR\"},{\"@type\":\"Organization\",\"@id\":\"https:\/\/cleitonpinheiro.com.br\/site\/#organization\",\"name\":\"CPNOT\u00cdCIAS\",\"url\":\"https:\/\/cleitonpinheiro.com.br\/site\/\",\"logo\":{\"@type\":\"ImageObject\",\"inLanguage\":\"pt-BR\",\"@id\":\"https:\/\/cleitonpinheiro.com.br\/site\/#\/schema\/logo\/image\/\",\"url\":\"https:\/\/cleitonpinheiro.com.br\/site\/wp-content\/uploads\/2022\/08\/Logo-pequena-2.png\",\"contentUrl\":\"https:\/\/cleitonpinheiro.com.br\/site\/wp-content\/uploads\/2022\/08\/Logo-pequena-2.png\",\"width\":500,\"height\":500,\"caption\":\"CPNOT\u00cdCIAS\"},\"image\":{\"@id\":\"https:\/\/cleitonpinheiro.com.br\/site\/#\/schema\/logo\/image\/\"},\"sameAs\":[\"https:\/\/www.facebook.com\/portalcpnoticias\/\"]}]}<\/script>\n<!-- \/ Yoast SEO plugin. -->","yoast_head_json":{"title":"POL\u00cdTICA - PORTAL DE NOT\u00cdCIAS CLEITON PINHEIRO","robots":{"index":"index","follow":"follow","max-snippet":"max-snippet:-1","max-image-preview":"max-image-preview:large","max-video-preview":"max-video-preview:-1"},"canonical":"https:\/\/cleitonpinheiro.com.br\/site\/politica\/","og_locale":"pt_BR","og_type":"article","og_title":"POL\u00cdTICA - PORTAL DE NOT\u00cdCIAS CLEITON PINHEIRO","og_description":"Pol\u00edtica Mais populares Mais populares","og_url":"https:\/\/cleitonpinheiro.com.br\/site\/politica\/","og_site_name":"PORTAL DE NOT\u00cdCIAS CLEITON PINHEIRO","article_publisher":"https:\/\/www.facebook.com\/portalcpnoticias\/","article_modified_time":"2022-07-29T03:00:16+00:00","og_image":[{"url":"https:\/\/cleitonpinheiro.com.br\/site\/wp-content\/uploads\/2022\/05\/3942741056617750475.gif","type":"","width":"","height":""}],"twitter_card":"summary_large_image","schema":{"@context":"https:\/\/schema.org","@graph":[{"@type":"WebPage","@id":"https:\/\/cleitonpinheiro.com.br\/site\/politica\/","url":"https:\/\/cleitonpinheiro.com.br\/site\/politica\/","name":"POL\u00cdTICA - PORTAL DE NOT\u00cdCIAS CLEITON PINHEIRO","isPartOf":{"@id":"https:\/\/cleitonpinheiro.com.br\/site\/#website"},"primaryImageOfPage":{"@id":"https:\/\/cleitonpinheiro.com.br\/site\/politica\/#primaryimage"},"image":{"@id":"https:\/\/cleitonpinheiro.com.br\/site\/politica\/#primaryimage"},"thumbnailUrl":"https:\/\/cleitonpinheiro.com.br\/site\/wp-content\/uploads\/2022\/05\/3942741056617750475.gif","datePublished":"2022-07-21T19:23:09+00:00","dateModified":"2022-07-29T03:00:16+00:00","breadcrumb":{"@id":"https:\/\/cleitonpinheiro.com.br\/site\/politica\/#breadcrumb"},"inLanguage":"pt-BR","potentialAction":[{"@type":"ReadAction","target":["https:\/\/cleitonpinheiro.com.br\/site\/politica\/"]}]},{"@type":"ImageObject","inLanguage":"pt-BR","@id":"https:\/\/cleitonpinheiro.com.br\/site\/politica\/#primaryimage","url":"https:\/\/cleitonpinheiro.com.br\/site\/wp-content\/uploads\/2022\/05\/3942741056617750475.gif","contentUrl":"https:\/\/cleitonpinheiro.com.br\/site\/wp-content\/uploads\/2022\/05\/3942741056617750475.gif"},{"@type":"BreadcrumbList","@id":"https:\/\/cleitonpinheiro.com.br\/site\/politica\/#breadcrumb","itemListElement":[{"@type":"ListItem","position":1,"name":"In\u00edcio","item":"https:\/\/cleitonpinheiro.com.br\/site\/"},{"@type":"ListItem","position":2,"name":"POL\u00cdTICA"}]},{"@type":"WebSite","@id":"https:\/\/cleitonpinheiro.com.br\/site\/#website","url":"https:\/\/cleitonpinheiro.com.br\/site\/","name":"PORTAL DE NOT\u00cdCIAS CLEITON PINHEIRO","description":"FALANDO A VERDADE","publisher":{"@id":"https:\/\/cleitonpinheiro.com.br\/site\/#organization"},"potentialAction":[{"@type":"SearchAction","target":{"@type":"EntryPoint","urlTemplate":"https:\/\/cleitonpinheiro.com.br\/site\/?s={search_term_string}"},"query-input":{"@type":"PropertyValueSpecification","valueRequired":true,"valueName":"search_term_string"}}],"inLanguage":"pt-BR"},{"@type":"Organization","@id":"https:\/\/cleitonpinheiro.com.br\/site\/#organization","name":"CPNOT\u00cdCIAS","url":"https:\/\/cleitonpinheiro.com.br\/site\/","logo":{"@type":"ImageObject","inLanguage":"pt-BR","@id":"https:\/\/cleitonpinheiro.com.br\/site\/#\/schema\/logo\/image\/","url":"https:\/\/cleitonpinheiro.com.br\/site\/wp-content\/uploads\/2022\/08\/Logo-pequena-2.png","contentUrl":"https:\/\/cleitonpinheiro.com.br\/site\/wp-content\/uploads\/2022\/08\/Logo-pequena-2.png","width":500,"height":500,"caption":"CPNOT\u00cdCIAS"},"image":{"@id":"https:\/\/cleitonpinheiro.com.br\/site\/#\/schema\/logo\/image\/"},"sameAs":["https:\/\/www.facebook.com\/portalcpnoticias\/"]}]}},"_links":{"self":[{"href":"https:\/\/cleitonpinheiro.com.br\/site\/wp-json\/wp\/v2\/pages\/59828","targetHints":{"allow":["GET"]}}],"collection":[{"href":"https:\/\/cleitonpinheiro.com.br\/site\/wp-json\/wp\/v2\/pages"}],"about":[{"href":"https:\/\/cleitonpinheiro.com.br\/site\/wp-json\/wp\/v2\/types\/page"}],"author":[{"embeddable":true,"href":"https:\/\/cleitonpinheiro.com.br\/site\/wp-json\/wp\/v2\/users\/9"}],"replies":[{"embeddable":true,"href":"https:\/\/cleitonpinheiro.com.br\/site\/wp-json\/wp\/v2\/comments?post=59828"}],"version-history":[{"count":23,"href":"https:\/\/cleitonpinheiro.com.br\/site\/wp-json\/wp\/v2\/pages\/59828\/revisions"}],"predecessor-version":[{"id":85483,"href":"https:\/\/cleitonpinheiro.com.br\/site\/wp-json\/wp\/v2\/pages\/59828\/revisions\/85483"}],"wp:attachment":[{"href":"https:\/\/cleitonpinheiro.com.br\/site\/wp-json\/wp\/v2\/media?parent=59828"}],"curies":[{"name":"wp","href":"https:\/\/api.w.org\/{rel}","templated":true}]}}